{"id":171339,"date":"2026-09-05T15:38:33","date_gmt":"2026-09-05T15:38:33","guid":{"rendered":"https:\/\/iwell-guard.com\/?page_id=171339"},"modified":"2026-09-05T15:54:14","modified_gmt":"2026-09-05T15:54:14","slug":"edimmu","status":"publish","type":"page","link":"https:\/\/iwell-guard.com\/ca\/edimmu\/","title":{"rendered":"Edimmu"},"content":{"rendered":"\t\t<div data-elementor-type=\"wp-page\" data-elementor-id=\"171339\" class=\"elementor elementor-171339 elementor-723\" data-elementor-post-type=\"page\">\n\t\t\t\t<div class=\"elementor-element elementor-element-10fdade e-flex e-con-boxed e-con e-parent\" data-id=\"10fdade\" data-element_type=\"container\" data-e-type=\"container\" data-settings=\"{&quot;background_background&quot;:&quot;classic&quot;}\">\n\t\t\t\t\t<div class=\"e-con-inner\">\n\t\t<div class=\"elementor-element elementor-element-herohlft0 e-flex e-con-boxed e-con e-child\" data-id=\"herohlft0\" data-element_type=\"container\" data-e-type=\"container\">\n\t\t\t\t\t<div class=\"e-con-inner\">\n\t\t<div class=\"elementor-element elementor-element-c3ceb64 e-con-full e-flex e-con e-child\" data-id=\"c3ceb64\" data-element_type=\"container\" data-e-type=\"container\">\n\t\t\t\t<div class=\"elementor-element elementor-element-96ae5e1 elementor-widget elementor-widget-heading\" data-id=\"96ae5e1\" data-element_type=\"widget\" data-e-type=\"widget\" data-widget_type=\"heading.default\">\n\t\t\t\t\t<h1 class=\"elementor-heading-title elementor-size-default\">Edimmu, esperit de la tradici\u00f3 mesopot\u00e0mica<\/h1>\t\t\t\t<\/div>\n\t\t\t\t<div class=\"elementor-element elementor-element-e45238a elementor-widget elementor-widget-text-editor\" data-id=\"e45238a\" data-element_type=\"widget\" data-e-type=\"widget\" data-widget_type=\"text-editor.default\">\n\t\t\t\t\t\t\t\t\t<p>Edimmu \u00e9s un <span class=\"iwg-fachbegriff\" data-tooltip=\"Un \u00e9sser incorpori al qual s'atribueix una acci\u00f3 en el m\u00f3n.\" tabindex=\"0\">esperit<\/span> de la tradici\u00f3 mesopot\u00e0mica.<\/p><p><strong>Esperit inquiet dels morts, quan s&#8217;ha om\u00e8s la sepultura.<\/strong><\/p>\t\t\t\t\t\t\t\t<\/div>\n\t\t\t\t<\/div>\n\t\t<div class=\"elementor-element elementor-element-klsbdg01 e-con-full e-flex e-con e-parent\" data-id=\"klsbdg01\" data-element_type=\"container\" data-e-type=\"container\">\n\t\t\t\t<div class=\"elementor-element elementor-element-klshtm01 elementor-widget elementor-widget-html\" data-id=\"klshtm01\" data-element_type=\"widget\" data-e-type=\"widget\" data-widget_type=\"html.default\">\n\t\t\t\t\t<div class=\"iwg-pill-row\"><span class=\"iwg-klasse-badge\" tabindex=\"0\" data-tooltip=\"Esperit: \u00c9sser incorpori o semicorpori, difunts, esperits de la natura, esperits de la llar o guardians de llindars. Actua en la vida quotidiana, sovint lligat a llocs o fam\u00edlies.\">Esperit<\/span><a href=\"https:\/\/iwell-guard.com\/ca\/?page_id=171334\" class=\"iwg-kultur-badge\" tabindex=\"0\" data-tooltip=\"Bressol de la religi\u00f3 documentada, Sumer, Akkad, Babil\u00f2nia, Ass\u00edria (ca. 3500 aC fins 330 aC).\">Mesopot\u00e0mia<\/a><a href=\"https:\/\/iwell-guard.com\/ca\/?page_id=171451\" class=\"iwg-tradition-badge\" tabindex=\"0\" data-tooltip=\"Difunts, els esperits dels quals continuen actuant en aquest m\u00f3n, esperits de la llar, avantpassats, morts inquiets.\">Esperit dels morts<\/a><\/div>\t\t\t\t<\/div>\n\t\t\t\t<\/div>\n\t\t<div class=\"elementor-element elementor-element-3f74855 e-con-full e-flex e-con e-child\" data-id=\"3f74855\" data-element_type=\"container\" data-e-type=\"container\">\n\t\t\t\t<div class=\"elementor-element elementor-element-1c30362 elementor-toc--minimized-on-tablet elementor-widget elementor-widget-table-of-contents\" data-id=\"1c30362\" data-element_type=\"widget\" data-e-type=\"widget\" data-settings=\"{&quot;exclude_headings_by_selector&quot;:[],&quot;no_headings_message&quot;:&quot;No s&#039;ha trobat cap encap\\u00e7alament en aquesta p\\u00e0gina.&quot;,&quot;headings_by_tags&quot;:[&quot;h2&quot;,&quot;h3&quot;],&quot;marker_view&quot;:&quot;bullets&quot;,&quot;icon&quot;:{&quot;value&quot;:&quot;fas fa-circle&quot;,&quot;library&quot;:&quot;fa-solid&quot;,&quot;rendered_tag&quot;:&quot;&lt;svg class=\\&quot;e-font-icon-svg e-fas-circle\\&quot; viewBox=\\&quot;0 0 512 512\\&quot; xmlns=\\&quot;http:\\\/\\\/www.w3.org\\\/2000\\\/svg\\&quot;&gt;&lt;path d=\\&quot;M256 8C119 8 8 119 8 256s111 248 248 248 248-111 248-248S393 8 256 8z\\&quot;&gt;&lt;\\\/path&gt;&lt;\\\/svg&gt;&quot;},&quot;minimize_box&quot;:&quot;yes&quot;,&quot;minimized_on&quot;:&quot;tablet&quot;,&quot;hierarchical_view&quot;:&quot;yes&quot;,&quot;min_height&quot;:{&quot;unit&quot;:&quot;px&quot;,&quot;size&quot;:&quot;&quot;,&quot;sizes&quot;:[]},&quot;min_height_tablet&quot;:{&quot;unit&quot;:&quot;px&quot;,&quot;size&quot;:&quot;&quot;,&quot;sizes&quot;:[]},&quot;min_height_mobile&quot;:{&quot;unit&quot;:&quot;px&quot;,&quot;size&quot;:&quot;&quot;,&quot;sizes&quot;:[]}}\" data-widget_type=\"table-of-contents.default\">\n\t\t\t\t\t\t\t\t\t<div class=\"elementor-toc__header\">\n\t\t\t\t\t\t<h2 class=\"elementor-toc__header-title\">\n\t\t\t\t\u00cdndex\t\t\t<\/h2>\n\t\t\t\t\t\t\t\t\t\t<div class=\"elementor-toc__toggle-button elementor-toc__toggle-button--expand\" role=\"button\" tabindex=\"0\" aria-controls=\"elementor-toc__1c30362\" aria-expanded=\"true\" aria-label=\"Open table of contents\"><svg aria-hidden=\"true\" class=\"e-font-icon-svg e-fas-chevron-down\" viewBox=\"0 0 448 512\" xmlns=\"http:\/\/www.w3.org\/2000\/svg\"><path d=\"M207.029 381.476L12.686 187.132c-9.373-9.373-9.373-24.569 0-33.941l22.667-22.667c9.357-9.357 24.522-9.375 33.901-.04L224 284.505l154.745-154.021c9.379-9.335 24.544-9.317 33.901.04l22.667 22.667c9.373 9.373 9.373 24.569 0 33.941L240.971 381.476c-9.373 9.372-24.569 9.372-33.942 0z\"><\/path><\/svg><\/div>\n\t\t\t\t<div class=\"elementor-toc__toggle-button elementor-toc__toggle-button--collapse\" role=\"button\" tabindex=\"0\" aria-controls=\"elementor-toc__1c30362\" aria-expanded=\"true\" aria-label=\"Close table of contents\"><svg aria-hidden=\"true\" class=\"e-font-icon-svg e-fas-chevron-up\" viewBox=\"0 0 448 512\" xmlns=\"http:\/\/www.w3.org\/2000\/svg\"><path d=\"M240.971 130.524l194.343 194.343c9.373 9.373 9.373 24.569 0 33.941l-22.667 22.667c-9.357 9.357-24.522 9.375-33.901.04L224 227.495 69.255 381.516c-9.379 9.335-24.544 9.317-33.901-.04l-22.667-22.667c-9.373-9.373-9.373-24.569 0-33.941L207.03 130.525c9.372-9.373 24.568-9.373 33.941-.001z\"><\/path><\/svg><\/div>\n\t\t\t\t\t<\/div>\n\t\t\t\t<div id=\"elementor-toc__1c30362\" class=\"elementor-toc__body\">\n\t\t\t<div class=\"elementor-toc__spinner-container\">\n\t\t\t\t<svg class=\"elementor-toc__spinner eicon-animation-spin e-font-icon-svg e-eicon-loading\" aria-hidden=\"true\" viewBox=\"0 0 1000 1000\" xmlns=\"http:\/\/www.w3.org\/2000\/svg\"><path d=\"M500 975V858C696 858 858 696 858 500S696 142 500 142 142 304 142 500H25C25 237 238 25 500 25S975 237 975 500 763 975 500 975Z\"><\/path><\/svg>\t\t\t<\/div>\n\t\t<\/div>\n\t\t\t\t\t\t<\/div>\n\t\t\t\t<\/div>\n\t\t\t\t\t<\/div>\n\t\t\t\t<\/div>\n\t\t<div class=\"elementor-element elementor-element-herorght0 e-con-full e-flex e-con e-child\" data-id=\"herorght0\" data-element_type=\"container\" data-e-type=\"container\">\n\t\t\t\t<div class=\"elementor-element elementor-element-heroimg00 iwg-hero-image elementor-widget elementor-widget-image\" data-id=\"heroimg00\" data-element_type=\"widget\" data-e-type=\"widget\" data-widget_type=\"image.default\">\n\t\t\t\t\t\t\t\t\t\t\t\t\t\t\t<img fetchpriority=\"high\" decoding=\"async\" width=\"683\" height=\"1024\" src=\"https:\/\/iwell-guard.com\/wp-content\/uploads\/2026\/04\/geister_mesopotamien_edimmu-683x1024.webp\" class=\"attachment-large size-large wp-image-1693\" alt=\"Edimmu\" srcset=\"https:\/\/iwell-guard.com\/wp-content\/uploads\/2026\/04\/geister_mesopotamien_edimmu-683x1024.webp 683w, https:\/\/iwell-guard.com\/wp-content\/uploads\/2026\/04\/geister_mesopotamien_edimmu-200x300.webp 200w, https:\/\/iwell-guard.com\/wp-content\/uploads\/2026\/04\/geister_mesopotamien_edimmu-768x1152.webp 768w, https:\/\/iwell-guard.com\/wp-content\/uploads\/2026\/04\/geister_mesopotamien_edimmu.webp 1024w\" sizes=\"(max-width: 683px) 100vw, 683px\" \/>\t\t\t\t\t\t\t\t\t\t\t\t\t\t\t<\/div>\n\t\t\t\t<\/div>\n\t\t\t\t\t<\/div>\n\t\t\t\t<\/div>\n\t\t<div class=\"elementor-element elementor-element-32917199 e-flex e-con-boxed e-con e-parent\" data-id=\"32917199\" data-element_type=\"container\" data-e-type=\"container\">\n\t\t\t\t\t<div class=\"e-con-inner\">\n\t\t<div class=\"elementor-element elementor-element-26e916cb e-flex e-con-boxed e-con e-child\" data-id=\"26e916cb\" data-element_type=\"container\" data-e-type=\"container\">\n\t\t\t\t\t<div class=\"e-con-inner\">\n\t\t<div class=\"elementor-element elementor-element-253a40d4 e-flex e-con-boxed e-con e-child\" data-id=\"253a40d4\" data-element_type=\"container\" data-e-type=\"container\">\n\t\t\t\t\t<div class=\"e-con-inner\">\n\t\t\t\t<div class=\"elementor-element elementor-element-1200c304 elementor-widget elementor-widget-heading\" data-id=\"1200c304\" data-element_type=\"widget\" data-e-type=\"widget\" data-widget_type=\"heading.default\">\n\t\t\t\t\t<h2 class=\"elementor-heading-title elementor-size-default\">Edimmu<\/h2>\t\t\t\t<\/div>\n\t\t\t\t<div class=\"elementor-element elementor-element-11758e7f elementor-widget elementor-widget-text-editor\" data-id=\"11758e7f\" data-element_type=\"widget\" data-e-type=\"widget\" data-widget_type=\"text-editor.default\">\n\t\t\t\t\t\t\t\t\t<p>L&#8217;Edimmu no \u00e9s, en la demonologia mesopot\u00e0mica, una figura creada, sin\u00f3 conseq\u00fc\u00e8ncia d&#8217;una neglig\u00e8ncia humana. Sorgeix quan un difunt no ha sigut degudament sepultat, no ha rebut regularment ofrenes funer\u00e0ries, o ha estat arrancat de la vida de manera violenta i oblidat. De l&#8217;\u00e0nima, l&#8217;<em>e\u1e6demmu<\/em>, en sumeri <em>gidim<\/em>, se&#8217;n fa aleshores una amena\u00e7a.<\/p><p>Aix\u00f2 situa l&#8217;Edimmu en un paper social particular: fa visible el frac\u00e0s dels supervivents. Per aix\u00f2 la defensa no consisteix nom\u00e9s en <span class=\"iwg-fachbegriff\" data-tooltip=\"Una seq\u00fc\u00e8ncia regulada d'accions simb\u00f2liques amb significat religi\u00f3s o cultural.\" tabindex=\"0\">ritual<\/span> i <span class=\"iwg-fachbegriff\" data-tooltip=\"Un objecte portat al qual s'atribueix un efecte protector i preventiu del mal.\" tabindex=\"0\">amulet<\/span>, sin\u00f3 sobretot en la sepultura correcta i la cura continuada dels morts, el <em>kispu<\/em>.<\/p>\t\t\t\t\t\t\t\t<\/div>\n\t\t\t\t\t<\/div>\n\t\t\t\t<\/div>\n\t\t<div class=\"elementor-element elementor-element-159dcf9a e-flex e-con-boxed e-con e-child\" data-id=\"159dcf9a\" data-element_type=\"container\" data-e-type=\"container\">\n\t\t\t\t\t<div class=\"e-con-inner\">\n\t\t\t\t<div class=\"elementor-element elementor-element-48cee66f elementor-widget elementor-widget-heading\" data-id=\"48cee66f\" data-element_type=\"widget\" data-e-type=\"widget\" data-widget_type=\"heading.default\">\n\t\t\t\t\t<h2 class=\"elementor-heading-title elementor-size-default\">Resum r\u00e0pid: Edimmu<\/h2>\t\t\t\t<\/div>\n\t\t\t\t<div class=\"elementor-element elementor-element-3f50d82c elementor-widget elementor-widget-text-editor\" data-id=\"3f50d82c\" data-element_type=\"widget\" data-e-type=\"widget\" data-widget_type=\"text-editor.default\">\n\t\t\t\t\t\t\t\t\t<p><strong>Tipus:<\/strong> esperit inquiet dels morts (mesopot\u00e0mic)<br>Origen: accadi <em>edimmu<\/em>, sumeri <em>gidim<\/em><br>Funci\u00f3: turmenta els vius quan s&#8217;ha om\u00e8s la sepultura<br><span class=\"iwg-fachbegriff\" data-tooltip=\"L'acte de pregar o invocar una divinitat o poder.\" tabindex=\"0\">Invocaci\u00f3<\/span>: <span class=\"iwg-fachbegriff\" data-tooltip=\"Una acci\u00f3 religiosa fixa i recurrent.\" tabindex=\"0\">ritu<\/span> <em>kispu<\/em>, ofrenes d&#8217;aigua i farina per als morts<br>Fonts centrals: s\u00e8rie Maql\u00fb, Utukk\u016b lemn\u016btu, Epopeia de Gilgameix, tauleta XII<\/p>\t\t\t\t\t\t\t\t<\/div>\n\t\t\t\t\t<\/div>\n\t\t\t\t<\/div>\n\t\t\t\t\t<\/div>\n\t\t\t\t<\/div>\n\t\t\t\t\t<\/div>\n\t\t\t\t<\/div>\n\t\t<div class=\"elementor-element elementor-element-18613602 e-flex e-con-boxed e-con e-parent\" data-id=\"18613602\" data-element_type=\"container\" data-e-type=\"container\">\n\t\t\t\t\t<div class=\"e-con-inner\">\n\t\t\t\t<div class=\"elementor-element elementor-element-262b8a9f elementor-widget elementor-widget-heading\" data-id=\"262b8a9f\" data-element_type=\"widget\" data-e-type=\"widget\" data-widget_type=\"heading.default\">\n\t\t\t\t\t<h2 class=\"elementor-heading-title elementor-size-default\">Contextualitzaci\u00f3 hist\u00f2rica<\/h2>\t\t\t\t<\/div>\n\t\t<div class=\"elementor-element elementor-element-46dcb7d e-con-full e-flex e-con e-child\" data-id=\"46dcb7d\" data-element_type=\"container\" data-e-type=\"container\">\n\t\t<div class=\"elementor-element elementor-element-61d3ab3 e-flex e-con-boxed e-con e-child\" data-id=\"61d3ab3\" data-element_type=\"container\" data-e-type=\"container\">\n\t\t\t\t\t<div class=\"e-con-inner\">\n\t\t\t\t<div class=\"elementor-element elementor-element-117c166 elementor-widget elementor-widget-heading\" data-id=\"117c166\" data-element_type=\"widget\" data-e-type=\"widget\" data-widget_type=\"heading.default\">\n\t\t\t\t\t<div class=\"elementor-heading-title elementor-size-default\">Per\u00edode dels textos<\/div>\t\t\t\t<\/div>\n\t\t\t\t<div class=\"elementor-element elementor-element-73997a0 elementor-widget elementor-widget-text-editor\" data-id=\"73997a0\" data-element_type=\"widget\" data-e-type=\"widget\" data-widget_type=\"text-editor.default\">\n\t\t\t\t\t\t\t\t\t<p>Els testimonis sobre l&#8217;Edimmu abasten des dels primers textos sumeris fins a l&#8217;\u00e8poca neoass\u00edria i neobabil\u00f2nica. El conjunt de cura dels morts, esperit dels morts i creen\u00e7a en l&#8217;ultratomba \u00e9s, doncs, un dels elements m\u00e9s persistents de la religi\u00f3 mesopot\u00e0mica.<\/p><p><strong>Contextualitzaci\u00f3 mitol\u00f2gica<\/strong><\/p><p><em>Edimmu<\/em>, l&#8217;<span class=\"iwg-fachbegriff\" data-tooltip=\"Un \u00e9sser incorpori al qual s'atribueix una acci\u00f3 en el m\u00f3n.\" tabindex=\"0\">esperit<\/span> o l&#8217;\u00e0nima dels difunts, no \u00e9s, en la <span class=\"iwg-fachbegriff\" data-tooltip=\"El conjunt de relats m\u00edtics transmesos d'una cultura.\" tabindex=\"0\">mitologia<\/span> mesopot\u00e0mica, una entitat \u00fanica, sin\u00f3 una classe d&#8217;\u00e9ssers sobrenaturals, els esperits dels morts. Els <em>edimmu<\/em> s\u00f3n les restes incorp\u00f2ries dels \u00e9ssers humans difunts, que vaguen per l&#8217;infram\u00f3n.<\/p><p>Poden ser malignes o neutres, segons com hagin viscut i com hagin estat sepultats. Els <em>edimmu<\/em> estan lligats al m\u00f3n f\u00edsic per \u00e0ncores emocionals o f\u00edsiques, assumptes no resolts, sepultures deficients o sentiments intensos. No s\u00f3n ni d\u00e9us ni dimonis complets, sin\u00f3 quelcom intermedi.<\/p>\t\t\t\t\t\t\t\t<\/div>\n\t\t\t\t\t<\/div>\n\t\t\t\t<\/div>\n\t\t<div class=\"elementor-element elementor-element-d47b156 e-flex e-con-boxed e-con e-child\" data-id=\"d47b156\" data-element_type=\"container\" data-e-type=\"container\">\n\t\t\t\t\t<div class=\"e-con-inner\">\n\t\t\t\t<div class=\"elementor-element elementor-element-ff38c2b elementor-widget elementor-widget-heading\" data-id=\"ff38c2b\" data-element_type=\"widget\" data-e-type=\"widget\" data-widget_type=\"heading.default\">\n\t\t\t\t\t<div class=\"elementor-heading-title elementor-size-default\">\u00c0rea de difusi\u00f3<\/div>\t\t\t\t<\/div>\n\t\t\t\t<div class=\"elementor-element elementor-element-4e49fcc elementor-widget elementor-widget-text-editor\" data-id=\"4e49fcc\" data-element_type=\"widget\" data-e-type=\"widget\" data-widget_type=\"text-editor.default\">\n\t\t\t\t\t\t\t\t\t<p>La creen\u00e7a \u00e9s present a tot l&#8217;\u00e0mbit cultural mesopot\u00e0mic. Es troben paral\u00b7lelismes funcionals tamb\u00e9 en cultures antigues de la Mediterr\u00e0nia, religions populars de l&#8217;\u00c0sia oriental i tradicions de creen\u00e7a popular europees.<\/p>\t\t\t\t\t\t\t\t<\/div>\n\t\t\t\t\t<\/div>\n\t\t\t\t<\/div>\n\t\t\t\t<\/div>\n\t\t<div class=\"elementor-element elementor-element-db03c39 e-con-full e-flex e-con e-child\" data-id=\"db03c39\" data-element_type=\"container\" data-e-type=\"container\">\n\t\t<div class=\"elementor-element elementor-element-229a87b e-flex e-con-boxed e-con e-child\" data-id=\"229a87b\" data-element_type=\"container\" data-e-type=\"container\">\n\t\t\t\t\t<div class=\"e-con-inner\">\n\t\t\t\t<div class=\"elementor-element elementor-element-1f471fc elementor-widget elementor-widget-heading\" data-id=\"1f471fc\" data-element_type=\"widget\" data-e-type=\"widget\" data-widget_type=\"heading.default\">\n\t\t\t\t\t<div class=\"elementor-heading-title elementor-size-default\">Estat de les fonts<\/div>\t\t\t\t<\/div>\n\t\t\t\t<div class=\"elementor-element elementor-element-36b1201 elementor-widget elementor-widget-text-editor\" data-id=\"36b1201\" data-element_type=\"widget\" data-e-type=\"widget\" data-widget_type=\"text-editor.default\">\n\t\t\t\t\t\t\t\t\t<p><span data-nosnippet>Les fonts centrals s\u00f3n les s\u00e8ries d&#8217;exorcisme Maql\u00fb i \u0160urpu, la tauleta XII de l&#8217;Epopeia de Gilgameix amb la instrucci\u00f3 per apaivagar el mort no sepultat, aix\u00ed com la col\u00b7lecci\u00f3 can\u00f2nica Utukk\u016b lemn\u016btu (\u00abdimonis malignes\u00bb). L&#8217;edici\u00f3 i la traducci\u00f3 han estat elaborades sobretot per M.J. Geller (Brill, 2007 i 2016) i R. Borger; la pr\u00e0ctica del kispu ha estat sistematitzada per Akio Tsukimoto (1985).<\/span><\/p>\t\t\t\t\t\t\t\t<\/div>\n\t\t\t\t\t<\/div>\n\t\t\t\t<\/div>\n\t\t\t\t<\/div>\n\t\t\t\t\t<\/div>\n\t\t\t\t<\/div>\n\t\t<div class=\"elementor-element elementor-element-3ae0637c e-flex e-con-boxed e-con e-parent\" data-id=\"3ae0637c\" data-element_type=\"container\" data-e-type=\"container\">\n\t\t\t\t\t<div class=\"e-con-inner\">\n\t\t\t\t<div class=\"elementor-element elementor-element-31d07739 elementor-widget elementor-widget-heading\" data-id=\"31d07739\" data-element_type=\"widget\" data-e-type=\"widget\" data-widget_type=\"heading.default\">\n\t\t\t\t\t<h2 class=\"elementor-heading-title elementor-size-default\">Nom i variants<\/h2>\t\t\t\t<\/div>\n\t\t<div class=\"elementor-element elementor-element-b7642947 e-con-full e-flex e-con e-child\" data-id=\"b7642947\" data-element_type=\"container\" data-e-type=\"container\">\n\t\t\t\t<div class=\"elementor-element elementor-element-a086266 elementor-widget elementor-widget-text-editor\" data-id=\"a086266\" data-element_type=\"widget\" data-e-type=\"widget\" data-widget_type=\"text-editor.default\">\n\t\t\t\t\t\t\t\t\t<p><strong>Accadi:<\/strong> <em>e\u1e6demmu<\/em>, tamb\u00e9 en transcripcions m\u00e9s antigues <em>edimmu<\/em>, <em>etimmu<\/em>, <em>ekimmu<\/em>.<br>Sumeri: <em>gidim<\/em>.<br>Literalment: \u00ab<span class=\"iwg-fachbegriff\" data-tooltip=\"Un \u00e9sser incorpori al qual s'atribueix una acci\u00f3 en el m\u00f3n.\" tabindex=\"0\">esperit<\/span>\u00ab, \u00ab\u00e0nima d&#8217;un mort\u00bb.<\/p><p>Distinci\u00f3 important: en principi, <em>tot<\/em> difunt t\u00e9 una <em>e\u1e6demmu<\/em>. Aquesta, per\u00f2, nom\u00e9s es converteix en amena\u00e7a quan es descura la cura dels morts, la mort ha sigut violenta o el cos ha quedat sense sepultar. El terme \u00abEdimmu\u00bb com a concepte demon\u00edac designa, doncs, l&#8217;esperit dels morts descontrolat i inquiet, no l&#8217;\u00e0nima com a tal.<\/p>\t\t\t\t\t\t\t\t<\/div>\n\t\t\t\t<\/div>\n\t\t\t\t\t<\/div>\n\t\t\t\t<\/div>\n\t\t<div class=\"elementor-element elementor-element-709a44a8 e-flex e-con-boxed e-con e-parent\" data-id=\"709a44a8\" data-element_type=\"container\" data-e-type=\"container\">\n\t\t\t\t\t<div class=\"e-con-inner\">\n\t\t\t\t<div class=\"elementor-element elementor-element-2f585873 elementor-widget elementor-widget-heading\" data-id=\"2f585873\" data-element_type=\"widget\" data-e-type=\"widget\" data-widget_type=\"heading.default\">\n\t\t\t\t\t<h2 class=\"elementor-heading-title elementor-size-default\">Caracter\u00edstiques<\/h2>\t\t\t\t<\/div>\n\t\t<div class=\"elementor-element elementor-element-70621c12 e-con-full e-flex e-con e-child\" data-id=\"70621c12\" data-element_type=\"container\" data-e-type=\"container\">\n\t\t\t\t<div class=\"elementor-element elementor-element-4296eb49 elementor-widget elementor-widget-text-editor\" data-id=\"4296eb49\" data-element_type=\"widget\" data-e-type=\"widget\" data-widget_type=\"text-editor.default\">\n\t\t\t\t\t\t\t\t\t<p><strong>Aparen\u00e7a<\/strong><\/p><p>Difusa, sense un patr\u00f3 iconogr\u00e0fic fix. L&#8217;experi\u00e8ncia es dona de forma ac\u00fastica (planys, gemecs), en somnis o com una pres\u00e8ncia perceptible a la nit dins la casa. La l\u00f2gica escolar ac\u00e0dia distingeix entre els Edimmu que es fan visibles (rar) i els que nom\u00e9s es perceben indirectament (el cas habitual).<\/p><p><strong>Comportament<\/strong><\/p><p>Els Edimmu arriben de nit a les cases de la seva fam\u00edlia supervivent. Reclamen atenci\u00f3: ritus de dol negligits, <span class=\"iwg-fachbegriff\" data-tooltip=\"Ofrena a una divinitat per expressar gratitud, s\u00faplica o veneraci\u00f3.\" tabindex=\"0\">ofrenes<\/span> d&#8217;aigua i farina que no s&#8217;han fet. Si no s\u00f3n aplacats, provoquen malaltia, malsons i desgr\u00e0cia. L&#8217;amena\u00e7a \u00e9s persistent: un sol <span class=\"iwg-fachbegriff\" data-tooltip=\"Un acte religi\u00f3s establert i recurrent.\" tabindex=\"0\">ritu<\/span> incomplert pot desencadenar anys d&#8217;assetjament.<\/p><p><strong>\u00c0mbit d&#8217;acci\u00f3<\/strong><\/p><p>Trastorns del son, malsons, mal de cap, melangia, malaltia dins la fam\u00edlia, infertilitat, frac\u00e0s en els negocis. El diagn\u00f2stic mesopot\u00e0mic atribueix un ampli ventall de dolences inespec\u00edfiques al complex Edimmu, de manera comparable al diagn\u00f2stic jueu-rab\u00ednic de Lilith.<\/p><p><strong>Aparen\u00e7a i simbolisme<\/strong><\/p><p><em>Edimmu<\/em> es representen com a figures humanes, per\u00f2 et\u00e8ries, grises o transparents, amb una llu\u00efssor espectral. Porten amb ells la roba o els trets de la seva vida cap al m\u00f3n dels morts, per\u00f2 es van esvaint en la transici\u00f3. Els seus ulls s\u00f3n buits o plens de tristesa.<\/p><p>De vegades nom\u00e9s \u00e9s visible una silueta negra o grisa. Els <em>Edimmu<\/em> no tenen la subst\u00e0ncia dels cossos f\u00edsics: poden travessar parets i desapar\u00e8ixer. La seva pres\u00e8ncia sovint va acompanyada de fred o d&#8217;una mena d&#8217;angoixa.<\/p>\t\t\t\t\t\t\t\t<\/div>\n\t\t\t\t<\/div>\n\t\t\t\t\t<\/div>\n\t\t\t\t<\/div>\n\t\t<div class=\"elementor-element elementor-element-44e71476 e-flex e-con-boxed e-con e-parent\" data-id=\"44e71476\" data-element_type=\"container\" data-e-type=\"container\">\n\t\t\t\t\t<div class=\"e-con-inner\">\n\t\t\t\t<div class=\"elementor-element elementor-element-3c1fc3f0 elementor-widget elementor-widget-heading\" data-id=\"3c1fc3f0\" data-element_type=\"widget\" data-e-type=\"widget\" data-widget_type=\"heading.default\">\n\t\t\t\t\t<h2 class=\"elementor-heading-title elementor-size-default\">Fitxa: Edimmu<\/h2>\t\t\t\t<\/div>\n\t\t<div class=\"elementor-element elementor-element-84f33b8e e-con-full e-flex e-con e-child\" data-id=\"84f33b8e\" data-element_type=\"container\" data-e-type=\"container\">\n\t\t\t\t<div class=\"elementor-element elementor-element-hqkdc67p elementor-widget elementor-widget-text-editor\" data-id=\"hqkdc67p\" data-element_type=\"widget\" data-e-type=\"widget\" data-widget_type=\"text-editor.default\">\n\t\t\t\t\t\t\t\t\t<p>Els aspectes m\u00e9s importants de l&#8217;Edimmu d&#8217;un cop d&#8217;ull. Trobareu el desenvolupament sobre el nom, la descripci\u00f3, els mitjans de protecci\u00f3 i els paral\u00b7lelismes en les seccions seg\u00fcents.<\/p>\t\t\t\t\t\t\t\t<\/div>\n\t\t\t\t<\/div>\n\t\t<div class=\"elementor-element elementor-element-pemmx7c5 e-con-full e-flex e-con e-child\" data-id=\"pemmx7c5\" data-element_type=\"container\" data-e-type=\"container\">\n\t\t<div class=\"elementor-element elementor-element-pemmx7c1 e-con-full e-flex e-con e-child\" data-id=\"pemmx7c1\" data-element_type=\"container\" data-e-type=\"container\">\n\t\t<div class=\"elementor-element elementor-element-qh9oavvu iwg-steckbrief-card e-flex e-con-boxed e-con e-child\" data-id=\"qh9oavvu\" data-element_type=\"container\" data-e-type=\"container\">\n\t\t\t\t\t<div class=\"e-con-inner\">\n\t\t\t\t<div class=\"elementor-element elementor-element-awzx8k2k elementor-widget elementor-widget-heading\" data-id=\"awzx8k2k\" data-element_type=\"widget\" data-e-type=\"widget\" data-widget_type=\"heading.default\">\n\t\t\t\t\t<div class=\"elementor-heading-title elementor-size-default\">Tradici\u00f3<\/div>\t\t\t\t<\/div>\n\t\t\t\t<div class=\"elementor-element elementor-element-x6rowhv0 elementor-widget elementor-widget-text-editor\" data-id=\"x6rowhv0\" data-element_type=\"widget\" data-e-type=\"widget\" data-widget_type=\"text-editor.default\">\n\t\t\t\t\t\t\t\t\t<p>Un antic \u00e9sser hum\u00e0 que no va rebre un enterrament adequat, la cura funer\u00e0ria del qual va ser negligida, o que va morir de forma violenta i va ser oblidat. Per tant: no \u00e9s una creaci\u00f3, sin\u00f3 la conseq\u00fc\u00e8ncia d&#8217;una neglig\u00e8ncia.<\/p>\t\t\t\t\t\t\t\t<\/div>\n\t\t\t\t\t<\/div>\n\t\t\t\t<\/div>\n\t\t<div class=\"elementor-element elementor-element-8e3o4kxs iwg-steckbrief-card e-flex e-con-boxed e-con e-child\" data-id=\"8e3o4kxs\" data-element_type=\"container\" data-e-type=\"container\">\n\t\t\t\t\t<div class=\"e-con-inner\">\n\t\t\t\t<div class=\"elementor-element elementor-element-08rkdgov elementor-widget elementor-widget-heading\" data-id=\"08rkdgov\" data-element_type=\"widget\" data-e-type=\"widget\" data-widget_type=\"heading.default\">\n\t\t\t\t\t<div class=\"elementor-heading-title elementor-size-default\">A qui afecta l'Edimmu<\/div>\t\t\t\t<\/div>\n\t\t\t\t<div class=\"elementor-element elementor-element-uwjelx8s elementor-widget elementor-widget-text-editor\" data-id=\"uwjelx8s\" data-element_type=\"widget\" data-e-type=\"widget\" data-widget_type=\"text-editor.default\">\n\t\t\t\t\t\t\t\t\t<p>Sobretot els familiars que han negligit l&#8217;enterrament o el <em>kispu<\/em>. Tamb\u00e9 viatgers que passen per llocs d&#8217;enterraments il\u00b7leg\u00edtims o de mort violenta.<\/p>\t\t\t\t\t\t\t\t<\/div>\n\t\t\t\t\t<\/div>\n\t\t\t\t<\/div>\n\t\t<div class=\"elementor-element elementor-element-jm2n74ec iwg-steckbrief-card e-flex e-con-boxed e-con e-child\" data-id=\"jm2n74ec\" data-element_type=\"container\" data-e-type=\"container\">\n\t\t\t\t\t<div class=\"e-con-inner\">\n\t\t\t\t<div class=\"elementor-element elementor-element-8vufse4c elementor-widget elementor-widget-heading\" data-id=\"8vufse4c\" data-element_type=\"widget\" data-e-type=\"widget\" data-widget_type=\"heading.default\">\n\t\t\t\t\t<div class=\"elementor-heading-title elementor-size-default\">Aparen\u00e7a de l'Edimmu<\/div>\t\t\t\t<\/div>\n\t\t\t\t<div class=\"elementor-element elementor-element-mwb9u015 elementor-widget elementor-widget-text-editor\" data-id=\"mwb9u015\" data-element_type=\"widget\" data-e-type=\"widget\" data-widget_type=\"text-editor.default\">\n\t\t\t\t\t\t\t\t\t<p>Ombr\u00edvola, p\u00e0l\u00b7lida, esmaperduda, semblant a un hum\u00e0. No \u00e9s un \u00e9sser h\u00edbrid. La seva pres\u00e8ncia es manifesta sovint m\u00e9s en s\u00edmptomes i somnis que en imatges n\u00edtides.<\/p>\t\t\t\t\t\t\t\t<\/div>\n\t\t\t\t\t<\/div>\n\t\t\t\t<\/div>\n\t\t\t\t<\/div>\n\t\t<div class=\"elementor-element elementor-element-pemmx7c2 e-con-full e-flex e-con e-child\" data-id=\"pemmx7c2\" data-element_type=\"container\" data-e-type=\"container\">\n\t\t<div class=\"elementor-element elementor-element-37ss2yr6 iwg-steckbrief-card e-flex e-con-boxed e-con e-child\" data-id=\"37ss2yr6\" data-element_type=\"container\" data-e-type=\"container\">\n\t\t\t\t\t<div class=\"e-con-inner\">\n\t\t\t\t<div class=\"elementor-element elementor-element-3v0wp3wx elementor-widget elementor-widget-heading\" data-id=\"3v0wp3wx\" data-element_type=\"widget\" data-e-type=\"widget\" data-widget_type=\"heading.default\">\n\t\t\t\t\t<div class=\"elementor-heading-title elementor-size-default\">Efectes de l'Edimmu<\/div>\t\t\t\t<\/div>\n\t\t\t\t<div class=\"elementor-element elementor-element-w3247g2m elementor-widget elementor-widget-text-editor\" data-id=\"w3247g2m\" data-element_type=\"widget\" data-e-type=\"widget\" data-widget_type=\"text-editor.default\">\n\t\t\t\t\t\t\t\t\t<p>Esgotament, malaltia cr\u00f2nica, malsons, patiment inexplicable en els familiars. M\u00e9s aviat una angoixa persistent que un atac sobtat.<\/p>\t\t\t\t\t\t\t\t<\/div>\n\t\t\t\t\t<\/div>\n\t\t\t\t<\/div>\n\t\t<div class=\"elementor-element elementor-element-0qpjal9w iwg-steckbrief-card e-flex e-con-boxed e-con e-child\" data-id=\"0qpjal9w\" data-element_type=\"container\" data-e-type=\"container\">\n\t\t\t\t\t<div class=\"e-con-inner\">\n\t\t\t\t<div class=\"elementor-element elementor-element-6ndoih0o elementor-widget elementor-widget-heading\" data-id=\"6ndoih0o\" data-element_type=\"widget\" data-e-type=\"widget\" data-widget_type=\"heading.default\">\n\t\t\t\t\t<div class=\"elementor-heading-title elementor-size-default\">Protecci\u00f3<\/div>\t\t\t\t<\/div>\n\t\t\t\t<div class=\"elementor-element elementor-element-6684tyh9 elementor-widget elementor-widget-text-editor\" data-id=\"6684tyh9\" data-element_type=\"widget\" data-e-type=\"widget\" data-widget_type=\"text-editor.default\">\n\t\t\t\t\t\t\t\t\t<p>Enterrament tard\u00e0 o ritual substitutiu, ofrenes funer\u00e0ries <em>kispu<\/em> regulars, exorcismes per aplacar-lo i fer-lo tornar al m\u00f3n dels morts.<\/p>\t\t\t\t\t\t\t\t<\/div>\n\t\t\t\t\t<\/div>\n\t\t\t\t<\/div>\n\t\t<div class=\"elementor-element elementor-element-3lfi7x32 iwg-steckbrief-card e-flex e-con-boxed e-con e-child\" data-id=\"3lfi7x32\" data-element_type=\"container\" data-e-type=\"container\">\n\t\t\t\t\t<div class=\"e-con-inner\">\n\t\t\t\t<div class=\"elementor-element elementor-element-0kg99ga1 elementor-widget elementor-widget-heading\" data-id=\"0kg99ga1\" data-element_type=\"widget\" data-e-type=\"widget\" data-widget_type=\"heading.default\">\n\t\t\t\t\t<div class=\"elementor-heading-title elementor-size-default\">Paral\u00b7lelismes de l'Edimmu<\/div>\t\t\t\t<\/div>\n\t\t\t\t<div class=\"elementor-element elementor-element-n0fum6kp elementor-widget elementor-widget-text-editor\" data-id=\"n0fum6kp\" data-element_type=\"widget\" data-e-type=\"widget\" data-widget_type=\"text-editor.default\">\n\t\t\t\t\t\t\t\t\t<p>Els L\u00e8murs (romans), les Ceres i les \u00e0nimes sense enterrar en Homer (grec), els \u00abhungry ghosts\u00bb (budisme xin\u00e8s), els morts que retornen (germ\u00e0nic), els motius moderns del poltergeist.<\/p>\t\t\t\t\t\t\t\t<\/div>\n\t\t\t\t\t<\/div>\n\t\t\t\t<\/div>\n\t\t\t\t<\/div>\n\t\t\t\t<\/div>\n\t\t\t\t\t<\/div>\n\t\t\t\t<\/div>\n\t\t<div class=\"elementor-element elementor-element-7533bc7a e-flex e-con-boxed e-con e-parent\" data-id=\"7533bc7a\" data-element_type=\"container\" data-e-type=\"container\">\n\t\t\t\t\t<div class=\"e-con-inner\">\n\t\t\t\t<div class=\"elementor-element elementor-element-2447d18d elementor-widget elementor-widget-heading\" data-id=\"2447d18d\" data-element_type=\"widget\" data-e-type=\"widget\" data-widget_type=\"heading.default\">\n\t\t\t\t\t<h2 class=\"elementor-heading-title elementor-size-default\">Protecci\u00f3 en la vida quotidiana<\/h2>\t\t\t\t<\/div>\n\t\t<div class=\"elementor-element elementor-element-d5d0260c e-con-full e-flex e-con e-child\" data-id=\"d5d0260c\" data-element_type=\"container\" data-e-type=\"container\">\n\t\t\t\t<div class=\"elementor-element elementor-element-341be2ac elementor-widget elementor-widget-text-editor\" data-id=\"341be2ac\" data-element_type=\"widget\" data-e-type=\"widget\" data-widget_type=\"text-editor.default\">\n\t\t\t\t\t\t\t\t\t<p><strong>Rituals d&#8217;expulsi\u00f3<\/strong><\/p><p>El <span class=\"iwg-fachbegriff\" data-tooltip=\"Una acci\u00f3 religiosa establerta i recurrent.\" tabindex=\"0\">ritu<\/span> central \u00e9s el <em>kispu<\/em>, l&#8217;alimentaci\u00f3 regular dels morts amb aigua, pa i farina, mensualment durant la lluna nova i en l&#8217;aniversari commemoratiu. A aix\u00f2 s&#8217;hi afegeix la <span class=\"iwg-fachbegriff\" data-tooltip=\"L'acte de dirigir-se, pregant o conjurant, a una divinitat o poder.\" tabindex=\"0\">invocaci\u00f3<\/span> oral del difunt pel seu nom.<\/p><p>En cas d&#8217;assetjament agut s&#8217;utilitzen textos de conjur de la s\u00e8rie Maql\u00fb: la crema de figures d&#8217;argila, ofrenes d&#8217;encens de ginebre, cercles de protecci\u00f3 al voltant de la casa. La tauleta XII de l&#8217;Epopeia de Gilgameix ofereix instruccions detallades per apaivagar l&#8217;edimmu d&#8217;un caigut sense enterrar.<\/p><p><strong><span class=\"iwg-fachbegriff\" data-tooltip=\"El conjunt d'actes religiosos de veneraci\u00f3 cap a una divinitat o figura sagrada.\" tabindex=\"0\">Culte<\/span> i veneraci\u00f3<\/strong><\/p><p>El \u00ab<span class=\"iwg-fachbegriff\" data-tooltip=\"El conjunt d'actes religiosos de veneraci\u00f3 cap a una divinitat o figura sagrada.\" tabindex=\"0\">culte<\/span>\u00bb dels <em>edimmu<\/em> es practicava mitjan\u00e7ant la veneraci\u00f3 dels avantpassats i els rituals funeraris. Les fam\u00edlies honraven els seus parents difunts amb ofrenes i preg\u00e0ries per mantenir els seus <em>edimmu<\/em> tranquils i satisfets al m\u00f3n inferior.<\/p><p>Els sacerdots duien a terme rituals per repel\u00b7lir o apaivagar els <em>edimmu<\/em> mal\u00e8vols. Les tombes es prove\u00efen d&#8217;ofrenes per alimentar i calmar els <em>edimmu<\/em>. Els <em>edimmu<\/em> enterrats de manera inadequada o male\u00efts eren font de gran temor i requerien poders especials per ser expulsats.<\/p>\t\t\t\t\t\t\t\t<\/div>\n\t\t\t\t<\/div>\n\t\t\t\t\t<\/div>\n\t\t\t\t<\/div>\n\t\t<div class=\"elementor-element elementor-element-5a584676 e-flex e-con-boxed e-con e-parent\" data-id=\"5a584676\" data-element_type=\"container\" data-e-type=\"container\">\n\t\t\t\t\t<div class=\"e-con-inner\">\n\t\t\t\t<div class=\"elementor-element elementor-element-6d0757bf elementor-widget elementor-widget-heading\" data-id=\"6d0757bf\" data-element_type=\"widget\" data-e-type=\"widget\" data-widget_type=\"heading.default\">\n\t\t\t\t\t<h2 class=\"elementor-heading-title elementor-size-default\">Edimmu, paral\u00b7lelismes en altres cultures<\/h2>\t\t\t\t<\/div>\n\t\t<div class=\"elementor-element elementor-element-60563f68 e-con-full e-flex e-con e-child\" data-id=\"60563f68\" data-element_type=\"container\" data-e-type=\"container\">\n\t\t\t\t<div class=\"elementor-element elementor-element-5a93fdd6 elementor-widget elementor-widget-text-editor\" data-id=\"5a93fdd6\" data-element_type=\"widget\" data-e-type=\"widget\" data-widget_type=\"text-editor.default\">\n\t\t\t\t\t\t\t\t\t<p><strong>M\u00f3n grec-rom\u00e0<\/strong><\/p><p>Les Ceres en Homer i, sobretot, els L\u00e8murs romans, \u00e0nimes inquietes sorgides de morts sense enterrar o furioses, corresponen en gran mesura funcionalment a l&#8217;Edimmu. La festa de la <em>Lemuria<\/em> a Roma \u00e9s una resposta institucionalitzada a aquest <span class=\"iwg-fachbegriff\" data-tooltip=\"Un element de contingut recurrent en l'art o la narrativa.\" tabindex=\"0\">motiu<\/span>.<\/p><p><strong>\u00c0sia oriental:<\/strong> Els \u00abhungry ghosts\u00bb (preta, egui) de tradici\u00f3 budista xinesa, japonesa i coreana sorgeixen de vincles no resolts i ritus inadequats. El Festival dels Esperits Famolencs restaura peri\u00f2dicament la provisi\u00f3 ritual als morts.<\/p><p><strong>Europa (<span class=\"iwg-fachbegriff\" data-tooltip=\"Creences i costums religiosos estesos en la vida quotidiana.\" tabindex=\"0\">creences populars<\/span>):<\/strong> Els morts que retornen i els motius del poltergeist en les creences populars germ\u00e0niques i eslaves recullen la mateixa idea de fons: un difunt torna perqu\u00e8 el <span class=\"iwg-fachbegriff\" data-tooltip=\"Un acte religi\u00f3s establert i recurrent.\" tabindex=\"0\">ritu<\/span>, la just\u00edcia o l&#8217;acomiadament van quedar incomplets. La protecci\u00f3 \u00e9s, alhora, una forma de reparaci\u00f3.<\/p>\t\t\t\t\t\t\t\t<\/div>\n\t\t\t\t<\/div>\n\t\t\t\t\t<\/div>\n\t\t\t\t<\/div>\n\t\t<div class=\"elementor-element elementor-element-cp9302b7d e-flex e-con-boxed e-con e-parent\" data-id=\"cp9302b7d\" data-element_type=\"container\" data-e-type=\"container\">\n\t\t\t\t\t<div class=\"e-con-inner\">\n\t\t\t\t<div class=\"elementor-element elementor-element-cp3f157fb elementor-widget elementor-widget-heading\" data-id=\"cp3f157fb\" data-element_type=\"widget\" data-e-type=\"widget\" data-widget_type=\"heading.default\">\n\t\t\t\t\t<h2 class=\"elementor-heading-title elementor-size-default\">El mort inquiet: causes i l\u00f2gica<\/h2>\t\t\t\t<\/div>\n\t\t<div class=\"elementor-element elementor-element-cp41008d0 e-con-full e-flex e-con e-child\" data-id=\"cp41008d0\" data-element_type=\"container\" data-e-type=\"container\">\n\t\t\t\t<div class=\"elementor-element elementor-element-cp1c68ab4 elementor-widget elementor-widget-text-editor\" data-id=\"cp1c68ab4\" data-element_type=\"widget\" data-e-type=\"widget\" data-widget_type=\"text-editor.default\">\n\t\t\t\t\t\t\t\t\t<p>L&#8217;<em>e\u1e6demmu<\/em> (sumeri <em>gidim<\/em>, sovint escrit <em>edimmu<\/em> en la bibliografia m\u00e9s antiga) no \u00e9s, en el pensament mesopot\u00e0mic, res d&#8217;amena\u00e7ador d&#8217;entrada. La paraula designa de manera general l&#8217;esperit dels morts, l&#8217;<span class=\"iwg-fachbegriff\" data-tooltip=\"Un \u00e9sser sense cos al qual s'atribueix efecte en el m\u00f3n.\" tabindex=\"0\">esperit<\/span> d&#8217;un difunt.<\/p><p>Tota persona esdev\u00e9 un <em>e\u1e6demmu<\/em> despr\u00e9s de morir. Normalment, aquest <span class=\"iwg-fachbegriff\" data-tooltip=\"Un \u00e9sser sense cos al qual s'atribueix efecte en el m\u00f3n.\" tabindex=\"0\">esperit<\/span> baixa al m\u00f3n dels morts, hi troba el seu lloc i \u00e9s sustentat pels sacrificis funeraris regulars dels seus descendents.<\/p><p>L&#8217;<em>e\u1e6demmu<\/em> es torna perill\u00f3s nom\u00e9s quan aquest pas ordenat falla. Els textos indiquen les causes amb precisi\u00f3: una persona que no va ser enterrada correctament, el cos de la qual va quedar sense sepultura o va surar a l&#8217;aigua; una persona que no va deixar descendents i, per tant, no rep cura funer\u00e0ria; una persona que va morir de mort violenta, prematura o no natural.<\/p><p>Aquests morts no troben rep\u00f2s. El seu <span class=\"iwg-fachbegriff\" data-tooltip=\"Un \u00e9sser sense cos al qual s'atribueix efecte en el m\u00f3n.\" tabindex=\"0\">esperit<\/span> queda lligat al m\u00f3n dels vius i hi retorna.<\/p><p>L&#8217;<em>e\u1e6demmu<\/em> inquiet aleshores es presenta davant els vius. S&#8217;aferra a una persona, hi penetra a trav\u00e9s de l&#8217;orella i provoca malaltia, mal de cap, feblesa i confusi\u00f3 mental.<\/p><p>Aquesta concepci\u00f3 \u00e9s coherent des del punt de vista de la hist\u00f2ria de les religions: l&#8217;esperit del mort vol all\u00f2 que li manca, sepultura i cura, i s&#8217;ho procura assetjant un vivent fins que aquest o la seva fam\u00edlia hi posin remei.<\/p><p>La creen\u00e7a en l&#8217;<em>e\u1e6demmu<\/em> convertia el deure social de donar sepultura correcta i cura funer\u00e0ria en una q\u00fcesti\u00f3 de la pr\u00f2pia salut. Qui negligia els morts es jugava el seu retorn.<\/p>\t\t\t\t\t\t\t\t<\/div>\n\t\t\t\t<\/div>\n\t\t\t\t\t<\/div>\n\t\t\t\t<\/div>\n\t\t<div class=\"elementor-element elementor-element-cp83df163 e-flex e-con-boxed e-con e-parent\" data-id=\"cp83df163\" data-element_type=\"container\" data-e-type=\"container\">\n\t\t\t\t\t<div class=\"e-con-inner\">\n\t\t\t\t<div class=\"elementor-element elementor-element-cp11c77de elementor-widget elementor-widget-heading\" data-id=\"cp11c77de\" data-element_type=\"widget\" data-e-type=\"widget\" data-widget_type=\"heading.default\">\n\t\t\t\t\t<h2 class=\"elementor-heading-title elementor-size-default\">El tractament en la medicina: diagn\u00f2stic i exorcisme<\/h2>\t\t\t\t<\/div>\n\t\t<div class=\"elementor-element elementor-element-cpea16c28 e-con-full e-flex e-con e-child\" data-id=\"cpea16c28\" data-element_type=\"container\" data-e-type=\"container\">\n\t\t\t\t<div class=\"elementor-element elementor-element-cpbdb4429 elementor-widget elementor-widget-text-editor\" data-id=\"cpbdb4429\" data-element_type=\"widget\" data-e-type=\"widget\" data-widget_type=\"text-editor.default\">\n\t\t\t\t\t\t\t\t\t<p>L&#8217;<em>e\u1e6demmu<\/em> \u00e9s, en la medicina i la <span class=\"iwg-fachbegriff\" data-tooltip=\"Pr\u00e0ctiques que pretenen intervenir en el curs de les coses mitjan\u00e7ant accions o f\u00f3rmules especials.\" tabindex=\"0\">m\u00e0gia<\/span> mesopot\u00e0miques, una de les causes de malaltia m\u00e9s freq\u00fcents. Els textos diagn\u00f2stics, encap\u00e7alats per la gran s\u00e8rie <em>Sakikk\u016b<\/em> (\u00abS\u00edmptomes\u00bb), vinculada en la investigaci\u00f3 als treballs de Nils Hee\u00dfel, enumeren conjunts de s\u00edmptomes interpretats com la \u00abm\u00e0 d&#8217;un esperit dels morts\u00bb (<em>q\u0101t e\u1e6demmi<\/em>).<\/p><p>El sacerdot exorcista, l&#8217;<em>\u0101\u0161ipu<\/em>, determinava a partir dels signes de la malaltia si hi actuava un <em>e\u1e6demmu<\/em> i, a partir d&#8217;aix\u00f2, decidia el tractament.<\/p><p>Un grup de textos propi, reunit en una edici\u00f3 de JoAnn Scurlock sota el t\u00edtol de les \u00abmalalties dels esperits\u00bb, documenta el tractament amb detall. Comprenia exorcismes, ung\u00fcents, beuratges, amulets i accions rituals.<\/p><p>Un procediment important consistia a identificar l&#8217;esperit dels morts i, despr\u00e9s, apaivagar-lo mitjan\u00e7ant <span class=\"iwg-fachbegriff\" data-tooltip=\"Una seq\u00fc\u00e8ncia ordenada d'accions simb\u00f2liques amb significat religi\u00f3s o cultural.\" tabindex=\"0\">ritual<\/span> i <span class=\"iwg-fachbegriff\" data-tooltip=\"Ofrena a una divinitat per expressar gratitud, petici\u00f3 o veneraci\u00f3.\" tabindex=\"0\">sacrifici<\/span>, o b\u00e9 enviar-lo de tornada al m\u00f3n dels morts. De vegades es concedia posteriorment a l&#8217;<span class=\"iwg-fachbegriff\" data-tooltip=\"Un \u00e9sser sense cos al qual s'atribueix efecte en el m\u00f3n.\" tabindex=\"0\">esperit<\/span> la sepultura o la cura funer\u00e0ria que li havia mancat; de vegades se&#8217;l lligava a un substitut, com una figureta, i aix\u00ed se&#8217;l desvinculava del pacient.<\/p><p>Aquestes fonts s\u00f3n especialment valuoses per a la hist\u00f2ria de les religions perqu\u00e8 mostren com de estretament estaven entrella\u00e7ats a Mesopot\u00e0mia la medicina, la <span class=\"iwg-fachbegriff\" data-tooltip=\"Pr\u00e0ctiques que pretenen intervenir en el curs de les coses mitjan\u00e7ant accions o f\u00f3rmules especials.\" tabindex=\"0\">m\u00e0gia<\/span> i el culte als morts. Tractar el malalt era alhora tractar una relaci\u00f3 pertorbada entre vius i morts.<\/p><p>L&#8217;<em>\u0101\u0161ipu<\/em> no era un exorcista en el sentit posterior, alg\u00fa que expulsava un enemic, sin\u00f3 m\u00e9s b\u00e9 un mediador que restablia una relaci\u00f3 social trencada, nom\u00e9s que un dels implicats ja era mort. Altres poders nocius emparentats, contra els quals actuaven els mateixos especialistes, eren el <a href=\"https:\/\/iwell-guard.com\/ca\/?page_id=171599\">Rabisu<\/a> i els dimonis <em>utukku<\/em>.<\/p>\t\t\t\t\t\t\t\t<\/div>\n\t\t\t\t<\/div>\n\t\t\t\t\t<\/div>\n\t\t\t\t<\/div>\n\t\t<div class=\"elementor-element elementor-element-cp80cd23c e-flex e-con-boxed e-con e-parent\" data-id=\"cp80cd23c\" data-element_type=\"container\" data-e-type=\"container\">\n\t\t\t\t\t<div class=\"e-con-inner\">\n\t\t\t\t<div class=\"elementor-element elementor-element-cp5308c81 elementor-widget elementor-widget-heading\" data-id=\"cp5308c81\" data-element_type=\"widget\" data-e-type=\"widget\" data-widget_type=\"heading.default\">\n\t\t\t\t\t<h2 class=\"elementor-heading-title elementor-size-default\">Les ofrenes kispu i la cura dels morts<\/h2>\t\t\t\t<\/div>\n\t\t<div class=\"elementor-element elementor-element-cp9eacb7e e-con-full e-flex e-con e-child\" data-id=\"cp9eacb7e\" data-element_type=\"container\" data-e-type=\"container\">\n\t\t\t\t<div class=\"elementor-element elementor-element-cp62f6bcd elementor-widget elementor-widget-text-editor\" data-id=\"cp62f6bcd\" data-element_type=\"widget\" data-e-type=\"widget\" data-widget_type=\"text-editor.default\">\n\t\t\t\t\t\t\t\t\t<p>La millor prevenci\u00f3 contra un <em>e\u1e6demmu<\/em> inquiet era la cura funer\u00e0ria regular i correcta, el <em>kispu<\/em>. Aquest terme designa els sacrificis funeraris i els ritus commemoratius que els descendents havien de fer pels seus avantpassats difunts.<\/p><p>El <em>kispu<\/em> consistia b\u00e0sicament en l&#8217;ofrena d&#8217;aliment i, sobretot, d&#8217;aigua per als morts, acompanyada de la pronunciaci\u00f3 dels seus noms.<\/p><p>Aquests ritus tenien un lloc fix en el calendari. Hi havia dates commemoratives regulars, sovint mensuals, i el mes d&#8217;Abu, a ple estiu, es considerava una \u00e8poca especial de record dels morts, en la qual es pensava que la connexi\u00f3 entre els dos mons era permeable.<\/p><p>La cura no afectava nom\u00e9s els morts recents, sin\u00f3 que s&#8217;estenia al llarg de generacions; a les cases reials es llegien llargues llistes d&#8217;avantpassats durant el <em>kispu<\/em>.<\/p><p>La l\u00f2gica que hi ha al darrere \u00e9s clara: un mort al qual el <em>kispu<\/em> sustenta, del qual es pronuncia el nom i se li apaga la set, roman satisfet al m\u00f3n dels morts i no torna.<\/p><p>Un mort oblidat, la fam\u00edlia del qual s&#8217;ha extingit o que descura la seva cura, es converteix en un <em>e\u1e6demmu<\/em> famolenc, assedegat i inquiet. Per aix\u00f2, la cura funer\u00e0ria no era una simple <span class=\"iwg-fachbegriff\" data-tooltip=\"L'actitud i la pr\u00e0ctica religiosa viscudes per una persona.\" tabindex=\"0\">pietat<\/span>, sin\u00f3 un pacte entre generacions amb conseq\u00fc\u00e8ncies immediates.<\/p><p>Els vius sustentaven els morts i aix\u00ed es garantien la pau davant d&#8217;ells; els morts, al seu torn, si estaven satisfets, tamb\u00e9 podien ser favorables als vius. La creen\u00e7a en l&#8217;<em>e\u1e6demmu<\/em> i el <span class=\"iwg-fachbegriff\" data-tooltip=\"Una seq\u00fc\u00e8ncia ordenada d'accions simb\u00f2liques amb significat religi\u00f3s o cultural.\" tabindex=\"0\">ritual<\/span> del <em>kispu<\/em> s\u00f3n les dues cares de la mateixa relaci\u00f3 amb el m\u00f3n dels difunts.<\/p>\t\t\t\t\t\t\t\t<\/div>\n\t\t\t\t<\/div>\n\t\t\t\t\t<\/div>\n\t\t\t\t<\/div>\n\t\t<div class=\"elementor-element elementor-element-36dd7469 e-flex e-con-boxed e-con e-parent\" data-id=\"36dd7469\" data-element_type=\"container\" data-e-type=\"container\">\n\t\t\t\t\t<div class=\"e-con-inner\">\n\t\t\t\t<div class=\"elementor-element elementor-element-13760ab4 elementor-widget elementor-widget-heading\" data-id=\"13760ab4\" data-element_type=\"widget\" data-e-type=\"widget\" data-widget_type=\"heading.default\">\n\t\t\t\t\t<h2 class=\"elementor-heading-title elementor-size-default\">Enlla\u00e7os relacionats<\/h2>\t\t\t\t<\/div>\n\t\t<div class=\"elementor-element elementor-element-28c87796 e-con-full e-flex e-con e-child\" data-id=\"28c87796\" data-element_type=\"container\" data-e-type=\"container\">\n\t\t\t\t<div class=\"elementor-element elementor-element-5d6538df elementor-widget elementor-widget-text-editor\" data-id=\"5d6538df\" data-element_type=\"widget\" data-e-type=\"widget\" data-widget_type=\"text-editor.default\">\n\t\t\t\t\t\t\t\t\t<ul><li><a href=\"https:\/\/iwell-guard.com\/ca\/?page_id=171338\">Gallu, demoni ca\u00e7ador mesopot\u00e0mic relacionat<\/a><\/li><li><a href=\"https:\/\/iwell-guard.com\/ca\/?page_id=171336\">Lamashtu, dimonessa relacionada<\/a><\/li><li><a href=\"https:\/\/iwell-guard.com\/ca\/?page_id=171335\">Pazuzu, figura protectora apotropaica<\/a><\/li><li><a href=\"https:\/\/iwell-guard.com\/ca\/?page_id=171508\">Ereshkigal, senyora del m\u00f3n subterrani<\/a><\/li><li><a href=\"https:\/\/iwell-guard.com\/ca\/?page_id=171501\">Nergal, d\u00e9u del m\u00f3n subterrani<\/a><\/li><li><a href=\"https:\/\/iwell-guard.com\/ca\/?page_id=171599\">Rabisu, demoni aguaitador relacionat<\/a><\/li><li><a href=\"https:\/\/iwell-guard.com\/ca\/?page_id=171334\">Tradici\u00f3 mesopot\u00e0mica, context general<\/a><\/li><\/ul>\t\t\t\t\t\t\t\t<\/div>\n\t\t\t\t<\/div>\n\t\t\t\t\t<\/div>\n\t\t\t\t<\/div>\n\t\t<div class=\"elementor-element elementor-element-grl4kl40 e-flex e-con-boxed e-con e-parent\" data-id=\"grl4kl40\" data-element_type=\"container\" data-e-type=\"container\">\n\t\t\t\t\t<div class=\"e-con-inner\">\n\t\t\t\t<div class=\"elementor-element elementor-element-bzsbfrmh elementor-widget elementor-widget-heading\" data-id=\"bzsbfrmh\" data-element_type=\"widget\" data-e-type=\"widget\" data-widget_type=\"heading.default\">\n\t\t\t\t\t<h2 class=\"elementor-heading-title elementor-size-default\">Bibliografia de recerca<\/h2>\t\t\t\t<\/div>\n\t\t<div class=\"elementor-element elementor-element-2c13224a e-con-full e-flex e-con e-child\" data-id=\"2c13224a\" data-element_type=\"container\" data-e-type=\"container\">\n\t\t\t\t<div class=\"elementor-element elementor-element-0eymh9ub elementor-widget elementor-widget-text-editor\" data-id=\"0eymh9ub\" data-element_type=\"widget\" data-e-type=\"widget\" data-widget_type=\"text-editor.default\">\n\t\t\t\t\t\t\t\t\t<footer class=\"iwg-literatur\" data-nosnippet=\"true\"><ul><li><span data-nosnippet>Bott\u00e9ro, Jean: <em>Mesopotamia: Writing, Reasoning, and the Gods<\/em>. University of Chicago Press, Chicago 1992.<\/span><\/li><li><span data-nosnippet>Black, Jeremy \/ Green, Anthony: <em>Gods, Demons and Symbols of Ancient Mesopotamia<\/em>. British Museum Press, London 1992.<\/span><\/li><li><span data-nosnippet>Wiggermann, Frans A.M.: <em>Mesopotamian Protective Spirits: The <span class=\"iwg-fachbegriff\" data-tooltip=\"Una seq\u00fc\u00e8ncia regulada d'accions simb\u00f2liques amb significat religi\u00f3s o cultural.\" tabindex=\"0\">ritual<\/span> Texts<\/em>. Styx, Groningen 1992.<\/span><\/li><li><span data-nosnippet>Scurlock, JoAnn: <em>Magico-Medical Means of Treating Ghost-Induced Illnesses in Ancient Mesopotamia<\/em>. Brill, Leiden 2006.<\/span><\/li><li><span data-nosnippet>Foster, Benjamin R.: <em>Before the Muses: An Anthology of Akkadian Literature<\/em>. CDL Press, Bethesda 2005.<\/span><\/li><li><span data-nosnippet>Hee\u00dfel, Nils P.: <em>Babylonisch-assyrische Diagnostik<\/em>. AOAT 43, M\u00fcnster 2000.<\/span><\/li><\/ul><\/footer>\t\t\t\t\t\t\t\t<\/div>\n\t\t\t\t<\/div>\n\t\t\t\t\t<\/div>\n\t\t\t\t<\/div>\n\t\t<div class=\"elementor-element elementor-element-iwgca-edimmu-sec e-flex e-con-boxed e-con e-parent\" data-id=\"iwgca-edimmu-sec\" data-element_type=\"container\" data-e-type=\"container\" id=\"iwg-ca-edimmu\">\n\t\t\t\t\t<div class=\"e-con-inner\">\n\t\t\t\t<div class=\"elementor-element elementor-element-iwgca-edimmu-te iwg-ca-textwrap elementor-widget elementor-widget-text-editor\" data-id=\"iwgca-edimmu-te\" data-element_type=\"widget\" data-e-type=\"widget\" data-widget_type=\"text-editor.default\">\n\t\t\t\t\t\t\t\t\t<div data-nosnippet=\"true\"><p class=\"iwg-ca-bridge\">La pr\u00e0ctica de protecci\u00f3 descrita aqu\u00ed \u00e9s una classificaci\u00f3 de tradicions hist\u00f2riques des de la perspectiva de la ci\u00e8ncia de les religions. iWell Guard s&#8217;inspira en aquesta l\u00ednia cultural i hist\u00f2rica d&#8217;objectes de protecci\u00f3 portables i n&#8217;\u00e9s una forma contempor\u00e0nia. <a href=\"\/ueber-iwell-guard\/?utm_source=iwell-guard.com&#038;utm_medium=text-link&#038;utm_campaign=schadwesen-tradition\">M\u00e9s informaci\u00f3 sobre l&#8217;iWell Guard \u2192<\/a><\/p><\/div>\t\t\t\t\t\t\t\t<\/div>\n\t\t\t\t\t<\/div>\n\t\t\t\t<\/div>\n\t\t<div class=\"elementor-element elementor-element-1441f2e e-con-boxed e-flex e-con e-parent\" data-id=\"1441f2e\" data-element_type=\"container\" data-e-type=\"container\">\n\t\t\t\t\t<div class=\"e-con-inner\">\n\t\t\t\t<div class=\"elementor-element elementor-element-93e86c5 elementor-widget elementor-widget-text-editor\" data-id=\"93e86c5\" data-element_type=\"widget\" data-e-type=\"widget\" data-widget_type=\"text-editor.default\">\n\t\t\t\t\t\t\t\t\t\n<h2>Preguntes freq\u00fcents sobre l&#8217;edimmu<\/h2>\n<div class=\"iwg-faq-q\"><h3>Qu\u00e8 eren els edimmu en la religi\u00f3 mesopot\u00e0mica?<\/h3><p>Els edimmu (sumeri GIDIM, accadi e\u1e6dimmu) eren, en la religi\u00f3 mesopot\u00e0mica, els esperits dels difunts, especialment d&#8217;aquells que no rebien una sepultura adequada o la fam\u00edlia dels quals no els oferia ofrenes funer\u00e0ries.<\/p><p>S\u00f3n l&#8217;equivalent mesopot\u00e0mic dels espectres i esperits errants que romanen en aquest m\u00f3n per turmentar els vius, mitjan\u00e7ant malalties, malsons, accidents i infortunis. A l&#8217;Epopeia de Gilgameix, l&#8217;edimmu d&#8217;Enkidu torna del m\u00f3n inferior i explica a Gilgameix com s\u00f3n les condicions al regne dels morts.<\/p><\/div>\n<div class=\"iwg-faq-q\"><h3>Com es protegia hom d&#8217;un edimmu?<\/h3><p>El m\u00e8tode m\u00e9s important era la sepultura adequada i l&#8217;ofrena funer\u00e0ria regular (kispum): pa, cervesa i aigua per als avantpassats. Si malgrat tot un edimmu tornava, ajudaven les tauletes de conjurs, el <span class=\"iwg-fachbegriff\" data-tooltip=\"Una seq\u00fc\u00e8ncia regulada d'accions simb\u00f2liques amb significat religi\u00f3s o cultural.\" tabindex=\"0\">ritual<\/span> namburbi (una mena de <span class=\"iwg-fachbegriff\" data-tooltip=\"Una seq\u00fc\u00e8ncia regulada d'accions simb\u00f2liques amb significat religi\u00f3s o cultural.\" tabindex=\"0\">ritual<\/span> de dissoluci\u00f3) i la invocaci\u00f3 dels d\u00e9us mesopot\u00e0mics, especialment \u0160ama\u0161 (d\u00e9u del sol i jutge) i Marduk.<\/p><p>Un <span class=\"iwg-fachbegriff\" data-tooltip=\"Una seq\u00fc\u00e8ncia regulada d'accions simb\u00f2liques amb significat religi\u00f3s o cultural.\" tabindex=\"0\">ritual<\/span> t\u00edpic consistia a modelar una figureta d&#8217;argila de l&#8217;edimmu, inscriure-hi el nom de l&#8217;esperit i enterrar-la simb\u00f2licament o llan\u00e7ar-la a l&#8217;aigua.<\/p><\/div>\n<script type=\"application\/ld+json\">{\"@context\":\"https:\/\/schema.org\",\"@type\":\"FAQPage\",\"mainEntity\":[{\"@type\":\"Question\",\"name\":\"Qu\u00e8 eren els edimmu en la religi\u00f3 mesopot\u00e0mica?\",\"acceptedAnswer\":{\"@type\":\"Answer\",\"text\":\"Els edimmu (sumeri GIDIM, accadi e\u1e6dimmu) eren, en la religi\u00f3 mesopot\u00e0mica, els esperits dels difunts, especialment d'aquells que no rebien una sepultura adequada o la fam\u00edlia dels quals no els oferia ofrenes funer\u00e0ries.S\u00f3n l'equivalent mesopot\u00e0mic dels espectres i esperits errants que romanen en aquest m\u00f3n per turmentar els vius, mitjan\u00e7ant malalties, malsons, accidents i infortunis. A l'Epopeia de Gilgameix, l'edimmu d'Enkidu torna del m\u00f3n inferior i explica a Gilgameix com s\u00f3n les condicions al regne dels morts.\"}},{\"@type\":\"Question\",\"name\":\"Com es protegia hom d'un edimmu?\",\"acceptedAnswer\":{\"@type\":\"Answer\",\"text\":\"El m\u00e8tode m\u00e9s important era la sepultura adequada i l'ofrena funer\u00e0ria regular (kispum): pa, cervesa i aigua per als avantpassats. Si malgrat tot un edimmu tornava, ajudaven les tauletes de conjurs, el ritual namburbi (una mena de ritual de dissoluci\u00f3) i la invocaci\u00f3 dels d\u00e9us mesopot\u00e0mics, especialment \u0160ama\u0161 (d\u00e9u del sol i jutge) i Marduk.Un ritual t\u00edpic consistia a modelar una figureta d'argila de l'edimmu, inscriure-hi el nom de l'esperit i enterrar-la simb\u00f2licament o llan\u00e7ar-la a l'aigua.\"}}]}<\/script>\t\t\t\t\t\t\t\t<\/div>\n\t\t\t\t\t<\/div>\n\t\t\t\t<\/div>\n\t\t\t\t<\/div>\n\t\t","protected":false},"excerpt":{"rendered":"","protected":false},"author":3,"featured_media":1693,"parent":0,"menu_order":0,"comment_status":"closed","ping_status":"closed","template":"elementor_header_footer","meta":{"_yoast_wpseo_focuskw":"Edimmu","_yoast_wpseo_title":"Edimmu - esperit inquiet dels morts sense sepultura","_yoast_wpseo_metadesc":"L'Edimmu no \u00e9s, en la demonologia mesopot\u00e0mica, una figura creada, sin\u00f3 conseq\u00fc\u00e8ncia d'una neglig\u00e8ncia humana. Sorgeix quan un...","_yoast_wpseo_meta-robots-noindex":"","_yoast_wpseo_canonical":"","_angie_page":false,"gefaehrdungsstufe":"3","wesen_kultur":"mesopotamien","wesen_klasse":"geister","footnotes":""},"categories":[],"class_list":["post-171339","page","type-page","status-publish","has-post-thumbnail","hentry"],"yoast_head":"<!-- This site is optimized with the Yoast SEO Premium plugin v27.7 (Yoast SEO v28.3) - https:\/\/yoast.com\/product\/yoast-seo-premium-wordpress\/ -->\n<title>Edimmu - esperit inquiet dels morts sense sepultura<\/title>\n<meta name=\"description\" content=\"L&#039;Edimmu no \u00e9s, en la demonologia mesopot\u00e0mica, una figura creada, sin\u00f3 conseq\u00fc\u00e8ncia d&#039;una neglig\u00e8ncia humana. Sorgeix quan un...\" \/>\n<meta name=\"robots\" content=\"index, follow, max-snippet:-1, max-image-preview:large, max-video-preview:-1\" \/>\n<link rel=\"canonical\" href=\"https:\/\/iwell-guard.com\/ca\/edimmu\/\" \/>\n<meta property=\"og:locale\" content=\"ca_ES\" \/>\n<meta property=\"og:type\" content=\"article\" \/>\n<meta property=\"og:title\" content=\"Edimmu\" \/>\n<meta property=\"og:description\" content=\"L&#039;Edimmu no \u00e9s, en la demonologia mesopot\u00e0mica, una figura creada, sin\u00f3 conseq\u00fc\u00e8ncia d&#039;una neglig\u00e8ncia humana. Sorgeix quan un...\" \/>\n<meta property=\"og:url\" content=\"https:\/\/iwell-guard.com\/ca\/edimmu\/\" \/>\n<meta property=\"og:site_name\" content=\"iWell Guard\" \/>\n<meta property=\"article:modified_time\" content=\"2026-09-05T15:54:14+00:00\" \/>\n<meta property=\"og:image\" content=\"https:\/\/iwell-guard.com\/wp-content\/uploads\/2026\/04\/geister_mesopotamien_edimmu.webp\" \/>\n\t<meta property=\"og:image:width\" content=\"1024\" \/>\n\t<meta property=\"og:image:height\" content=\"1536\" \/>\n\t<meta property=\"og:image:type\" content=\"image\/webp\" \/>\n<meta name=\"twitter:card\" content=\"summary_large_image\" \/>\n<script type=\"application\/ld+json\" class=\"yoast-schema-graph\">{\"@context\":\"https:\\\/\\\/schema.org\",\"@graph\":[{\"@type\":\"WebPage\",\"@id\":\"https:\\\/\\\/iwell-guard.com\\\/ca\\\/edimmu\\\/\",\"url\":\"https:\\\/\\\/iwell-guard.com\\\/ca\\\/edimmu\\\/\",\"name\":\"Edimmu - esperit inquiet dels morts sense sepultura\",\"isPartOf\":{\"@id\":\"https:\\\/\\\/iwell-guard.com\\\/ca\\\/#website\"},\"primaryImageOfPage\":{\"@id\":\"https:\\\/\\\/iwell-guard.com\\\/ca\\\/edimmu\\\/#primaryimage\"},\"image\":{\"@id\":\"https:\\\/\\\/iwell-guard.com\\\/ca\\\/edimmu\\\/#primaryimage\"},\"thumbnailUrl\":\"https:\\\/\\\/iwell-guard.com\\\/wp-content\\\/uploads\\\/2026\\\/04\\\/geister_mesopotamien_edimmu.webp\",\"datePublished\":\"2026-09-05T15:38:33+00:00\",\"dateModified\":\"2026-09-05T15:54:14+00:00\",\"description\":\"L'Edimmu no \u00e9s, en la demonologia mesopot\u00e0mica, una figura creada, sin\u00f3 conseq\u00fc\u00e8ncia d'una neglig\u00e8ncia humana. Sorgeix quan un...\",\"breadcrumb\":{\"@id\":\"https:\\\/\\\/iwell-guard.com\\\/ca\\\/edimmu\\\/#breadcrumb\"},\"inLanguage\":\"ca\",\"potentialAction\":[{\"@type\":\"ReadAction\",\"target\":[\"https:\\\/\\\/iwell-guard.com\\\/ca\\\/edimmu\\\/\"]}]},{\"@type\":\"ImageObject\",\"inLanguage\":\"ca\",\"@id\":\"https:\\\/\\\/iwell-guard.com\\\/ca\\\/edimmu\\\/#primaryimage\",\"url\":\"https:\\\/\\\/iwell-guard.com\\\/wp-content\\\/uploads\\\/2026\\\/04\\\/geister_mesopotamien_edimmu.webp\",\"contentUrl\":\"https:\\\/\\\/iwell-guard.com\\\/wp-content\\\/uploads\\\/2026\\\/04\\\/geister_mesopotamien_edimmu.webp\",\"width\":1024,\"height\":1536,\"caption\":\"Esperits de la tradici\u00f3 mesopot\u00e0mica.\"},{\"@type\":\"BreadcrumbList\",\"@id\":\"https:\\\/\\\/iwell-guard.com\\\/ca\\\/edimmu\\\/#breadcrumb\",\"itemListElement\":[{\"@type\":\"ListItem\",\"position\":1,\"name\":\"Start\",\"item\":\"https:\\\/\\\/iwell-guard.com\\\/ca\\\/?page_id=171333\"},{\"@type\":\"ListItem\",\"position\":2,\"name\":\"Edimmu\"}]},{\"@type\":\"WebSite\",\"@id\":\"https:\\\/\\\/iwell-guard.com\\\/ca\\\/#website\",\"url\":\"https:\\\/\\\/iwell-guard.com\\\/ca\\\/\",\"name\":\"iWell Guard\",\"description\":\"Schutz vor dunklen Einfl\u00fcssen\",\"publisher\":{\"@id\":\"https:\\\/\\\/iwell-guard.com\\\/ca\\\/#organization\"},\"potentialAction\":[{\"@type\":\"SearchAction\",\"target\":{\"@type\":\"EntryPoint\",\"urlTemplate\":\"https:\\\/\\\/iwell-guard.com\\\/ca\\\/?s={search_term_string}\"},\"query-input\":{\"@type\":\"PropertyValueSpecification\",\"valueRequired\":true,\"valueName\":\"search_term_string\"}}],\"inLanguage\":\"ca\"},{\"@type\":\"Organization\",\"@id\":\"https:\\\/\\\/iwell-guard.com\\\/ca\\\/#organization\",\"name\":\"Ittermann electronic GmbH\",\"url\":\"https:\\\/\\\/iwell-guard.com\\\/ca\\\/\",\"logo\":{\"@type\":\"ImageObject\",\"inLanguage\":\"ca\",\"@id\":\"https:\\\/\\\/iwell-guard.com\\\/ca\\\/#\\\/schema\\\/logo\\\/image\\\/\",\"url\":\"https:\\\/\\\/iwell-guard.com\\\/wp-content\\\/uploads\\\/2026\\\/05\\\/Ittermann-Logo-1182x237-1.png\",\"contentUrl\":\"https:\\\/\\\/iwell-guard.com\\\/wp-content\\\/uploads\\\/2026\\\/05\\\/Ittermann-Logo-1182x237-1.png\",\"width\":1182,\"height\":237,\"caption\":\"Ittermann electronic GmbH\"},\"image\":{\"@id\":\"https:\\\/\\\/iwell-guard.com\\\/ca\\\/#\\\/schema\\\/logo\\\/image\\\/\"},\"sameAs\":[\"https:\\\/\\\/pantip.com\\\/profile\\\/9367242\",\"https:\\\/\\\/micro.blog\\\/iwellguard\",\"https:\\\/\\\/www.diggerslist.com\\\/iwellguard\\\/about\",\"https:\\\/\\\/skitterphoto.com\\\/photographers\\\/2870314\\\/iwell-guard\",\"https:\\\/\\\/iwellguard.wordpress.com\\\/2026\\\/06\\\/06\\\/iwell-guard\\\/\",\"https:\\\/\\\/hub.docker.com\\\/u\\\/iwellguard\",\"https:\\\/\\\/www.pinterest.com\\\/iwellguard\\\/\",\"https:\\\/\\\/bit.ly\\\/m\\\/iwellguard\",\"https:\\\/\\\/entre-vos-mains.alsace.eu\\\/profiles\\\/iwellguard\\\/activity\",\"https:\\\/\\\/gravatar.com\\\/reallybeded8fd34\",\"https:\\\/\\\/naijamatta.com\\\/iwellguard\",\"https:\\\/\\\/www.goodreads.com\\\/iwellguard\",\"https:\\\/\\\/profile.hatena.ne.jp\\\/iwellguard\\\/\",\"https:\\\/\\\/experiment.com\\\/users\\\/iwellguard\",\"https:\\\/\\\/wakelet.com\\\/@iWellGuard82270\",\"https:\\\/\\\/www.chordie.com\\\/forum\\\/profile.php?id=2555664\",\"https:\\\/\\\/www.instapaper.com\\\/p\\\/17757966\",\"https:\\\/\\\/www.mapleprimes.com\\\/users\\\/iwellguard\",\"https:\\\/\\\/businesslistingplus.com\\\/profile\\\/iwell-guard\\\/\",\"https:\\\/\\\/telegra.ph\\\/iWell-Guard-06-06\",\"https:\\\/\\\/pbase.com\\\/iwellguard\\\/iwellguard\",\"https:\\\/\\\/b.hatena.ne.jp\\\/iwellguard\\\/20260607#bookmark-4788405196491818882\",\"https:\\\/\\\/fliphtml5.com\\\/home\\\/iwellguard\",\"https:\\\/\\\/anyflip.com\\\/homepage\\\/cmiwl#About\",\"https:\\\/\\\/transfur.com\\\/Users\\\/iwellguard\",\"http:\\\/\\\/delphi.larsbo.org\\\/user\\\/iwellguard\",\"https:\\\/\\\/jobs.lajobsportal.org\\\/profiles\\\/8380803-iwell-guard\",\"https:\\\/\\\/md.chaosdorf.de\\\/s\\\/jfbe5SBdJD\",\"https:\\\/\\\/www.lingvolive.com\\\/en-us\\\/profile\\\/9ecaeaca-ce11-4e51-9e71-01d55e2bff36\\\/translations\",\"https:\\\/\\\/www.fitday.com\\\/fitness\\\/forums\\\/members\\\/iwellguard.html\",\"https:\\\/\\\/www.mymeetbook.com\\\/iwellguard\",\"https:\\\/\\\/pxhere.com\\\/en\\\/photographer-me\\\/5040798\",\"https:\\\/\\\/disqus.com\\\/by\\\/iwellguard\\\/about\\\/\",\"https:\\\/\\\/pastelink.net\\\/hjwciqwq\",\"https:\\\/\\\/pubhtml5.com\\\/homepage\\\/scjhn\\\/\",\"https:\\\/\\\/www.bitchute.com\\\/channel\\\/2O2eOKzNqujT\",\"https:\\\/\\\/audiomack.com\\\/iwellguard\"]},{\"@type\":\"Article\",\"@id\":\"https:\\\/\\\/iwell-guard.com\\\/ca\\\/edimmu\\\/#article\",\"isPartOf\":{\"@id\":\"https:\\\/\\\/iwell-guard.com\\\/ca\\\/edimmu\\\/\"},\"author\":{\"name\":\"Ralf Ittermann\",\"@id\":\"https:\\\/\\\/iwell-guard.com\\\/ca\\\/#\\\/schema\\\/person\\\/ee2a27f1cac3406c7c6fb5820cb7349f\"},\"headline\":\"Edimmu\",\"datePublished\":\"2026-09-05T15:38:33+00:00\",\"dateModified\":\"2026-09-05T15:54:14+00:00\",\"mainEntityOfPage\":{\"@id\":\"https:\\\/\\\/iwell-guard.com\\\/ca\\\/edimmu\\\/\"},\"publisher\":{\"@id\":\"https:\\\/\\\/iwell-guard.com\\\/ca\\\/#organization\"},\"image\":{\"@id\":\"https:\\\/\\\/iwell-guard.com\\\/ca\\\/edimmu\\\/#primaryimage\"},\"thumbnailUrl\":\"https:\\\/\\\/iwell-guard.com\\\/wp-content\\\/uploads\\\/2026\\\/04\\\/geister_mesopotamien_edimmu.webp\",\"inLanguage\":\"ca\",\"description\":\"L'Edimmu no \u00e9s, en la demonologia mesopot\u00e0mica, una figura creada, sin\u00f3 conseq\u00fc\u00e8ncia d'una neglig\u00e8ncia humana. Sorgeix quan un...\"}]}<\/script>\n<!-- \/ Yoast SEO Premium plugin. -->","yoast_head_json":{"title":"Edimmu - esperit inquiet dels morts sense sepultura","description":"L'Edimmu no \u00e9s, en la demonologia mesopot\u00e0mica, una figura creada, sin\u00f3 conseq\u00fc\u00e8ncia d'una neglig\u00e8ncia humana. Sorgeix quan un...","robots":{"index":"index","follow":"follow","max-snippet":"max-snippet:-1","max-image-preview":"max-image-preview:large","max-video-preview":"max-video-preview:-1"},"canonical":"https:\/\/iwell-guard.com\/ca\/edimmu\/","og_locale":"ca_ES","og_type":"article","og_title":"Edimmu","og_description":"L'Edimmu no \u00e9s, en la demonologia mesopot\u00e0mica, una figura creada, sin\u00f3 conseq\u00fc\u00e8ncia d'una neglig\u00e8ncia humana. Sorgeix quan un...","og_url":"https:\/\/iwell-guard.com\/ca\/edimmu\/","og_site_name":"iWell Guard","article_modified_time":"2026-09-05T15:54:14+00:00","og_image":[{"width":1024,"height":1536,"url":"https:\/\/iwell-guard.com\/wp-content\/uploads\/2026\/04\/geister_mesopotamien_edimmu.webp","type":"image\/webp"}],"twitter_card":"summary_large_image","schema":{"@context":"https:\/\/schema.org","@graph":[{"@type":"Article","@id":"https:\/\/iwell-guard.com\/ca\/edimmu\/#article","isPartOf":{"@id":"https:\/\/iwell-guard.com\/ca\/edimmu\/"},"author":{"name":"Ralf Ittermann","@id":"https:\/\/iwell-guard.com\/ca\/#\/schema\/person\/ee2a27f1cac3406c7c6fb5820cb7349f"},"headline":"Edimmu","datePublished":"2026-09-05T15:38:33+00:00","dateModified":"2026-09-05T15:54:14+00:00","mainEntityOfPage":{"@id":"https:\/\/iwell-guard.com\/ca\/edimmu\/"},"publisher":{"@id":"https:\/\/iwell-guard.com\/ca\/#organization"},"image":{"@id":"https:\/\/iwell-guard.com\/ca\/edimmu\/#primaryimage"},"thumbnailUrl":"https:\/\/iwell-guard.com\/wp-content\/uploads\/2026\/04\/geister_mesopotamien_edimmu.webp","inLanguage":"ca","description":"L'Edimmu no \u00e9s, en la demonologia mesopot\u00e0mica, una figura creada, sin\u00f3 conseq\u00fc\u00e8ncia d'una neglig\u00e8ncia humana. Sorgeix quan un..."},{"@type":"WebPage","@id":"https:\/\/iwell-guard.com\/ca\/edimmu\/","url":"https:\/\/iwell-guard.com\/ca\/edimmu\/","name":"Edimmu - esperit inquiet dels morts sense sepultura","isPartOf":{"@id":"https:\/\/iwell-guard.com\/ca\/#website"},"primaryImageOfPage":{"@id":"https:\/\/iwell-guard.com\/ca\/edimmu\/#primaryimage"},"image":{"@id":"https:\/\/iwell-guard.com\/ca\/edimmu\/#primaryimage"},"thumbnailUrl":"https:\/\/iwell-guard.com\/wp-content\/uploads\/2026\/04\/geister_mesopotamien_edimmu.webp","datePublished":"2026-09-05T15:38:33+00:00","dateModified":"2026-09-05T15:54:14+00:00","description":"L'Edimmu no \u00e9s, en la demonologia mesopot\u00e0mica, una figura creada, sin\u00f3 conseq\u00fc\u00e8ncia d'una neglig\u00e8ncia humana. Sorgeix quan un...","breadcrumb":{"@id":"https:\/\/iwell-guard.com\/ca\/edimmu\/#breadcrumb"},"inLanguage":"ca","potentialAction":[{"@type":"ReadAction","target":["https:\/\/iwell-guard.com\/ca\/edimmu\/"]}]},{"@type":"ImageObject","inLanguage":"ca","@id":"https:\/\/iwell-guard.com\/ca\/edimmu\/#primaryimage","url":"https:\/\/iwell-guard.com\/wp-content\/uploads\/2026\/04\/geister_mesopotamien_edimmu.webp","contentUrl":"https:\/\/iwell-guard.com\/wp-content\/uploads\/2026\/04\/geister_mesopotamien_edimmu.webp","width":1024,"height":1536,"caption":"Esperits de la tradici\u00f3 mesopot\u00e0mica."},{"@type":"BreadcrumbList","@id":"https:\/\/iwell-guard.com\/ca\/edimmu\/#breadcrumb","itemListElement":[{"@type":"ListItem","position":1,"name":"Start","item":"https:\/\/iwell-guard.com\/ca\/?page_id=171333"},{"@type":"ListItem","position":2,"name":"Edimmu"}]},{"@type":"WebSite","@id":"https:\/\/iwell-guard.com\/ca\/#website","url":"https:\/\/iwell-guard.com\/ca\/","name":"iWell Guard","description":"Schutz vor dunklen Einfl\u00fcssen","publisher":{"@id":"https:\/\/iwell-guard.com\/ca\/#organization"},"potentialAction":[{"@type":"SearchAction","target":{"@type":"EntryPoint","urlTemplate":"https:\/\/iwell-guard.com\/ca\/?s={search_term_string}"},"query-input":{"@type":"PropertyValueSpecification","valueRequired":true,"valueName":"search_term_string"}}],"inLanguage":"ca"},{"@type":"Organization","@id":"https:\/\/iwell-guard.com\/ca\/#organization","name":"Ittermann electronic GmbH","url":"https:\/\/iwell-guard.com\/ca\/","logo":{"@type":"ImageObject","inLanguage":"ca","@id":"https:\/\/iwell-guard.com\/ca\/#\/schema\/logo\/image\/","url":"https:\/\/iwell-guard.com\/wp-content\/uploads\/2026\/05\/Ittermann-Logo-1182x237-1.png","contentUrl":"https:\/\/iwell-guard.com\/wp-content\/uploads\/2026\/05\/Ittermann-Logo-1182x237-1.png","width":1182,"height":237,"caption":"Ittermann electronic GmbH"},"image":{"@id":"https:\/\/iwell-guard.com\/ca\/#\/schema\/logo\/image\/"},"sameAs":["https:\/\/pantip.com\/profile\/9367242","https:\/\/micro.blog\/iwellguard","https:\/\/www.diggerslist.com\/iwellguard\/about","https:\/\/skitterphoto.com\/photographers\/2870314\/iwell-guard","https:\/\/iwellguard.wordpress.com\/2026\/06\/06\/iwell-guard\/","https:\/\/hub.docker.com\/u\/iwellguard","https:\/\/www.pinterest.com\/iwellguard\/","https:\/\/bit.ly\/m\/iwellguard","https:\/\/entre-vos-mains.alsace.eu\/profiles\/iwellguard\/activity","https:\/\/gravatar.com\/reallybeded8fd34","https:\/\/naijamatta.com\/iwellguard","https:\/\/www.goodreads.com\/iwellguard","https:\/\/profile.hatena.ne.jp\/iwellguard\/","https:\/\/experiment.com\/users\/iwellguard","https:\/\/wakelet.com\/@iWellGuard82270","https:\/\/www.chordie.com\/forum\/profile.php?id=2555664","https:\/\/www.instapaper.com\/p\/17757966","https:\/\/www.mapleprimes.com\/users\/iwellguard","https:\/\/businesslistingplus.com\/profile\/iwell-guard\/","https:\/\/telegra.ph\/iWell-Guard-06-06","https:\/\/pbase.com\/iwellguard\/iwellguard","https:\/\/b.hatena.ne.jp\/iwellguard\/20260607#bookmark-4788405196491818882","https:\/\/fliphtml5.com\/home\/iwellguard","https:\/\/anyflip.com\/homepage\/cmiwl#About","https:\/\/transfur.com\/Users\/iwellguard","http:\/\/delphi.larsbo.org\/user\/iwellguard","https:\/\/jobs.lajobsportal.org\/profiles\/8380803-iwell-guard","https:\/\/md.chaosdorf.de\/s\/jfbe5SBdJD","https:\/\/www.lingvolive.com\/en-us\/profile\/9ecaeaca-ce11-4e51-9e71-01d55e2bff36\/translations","https:\/\/www.fitday.com\/fitness\/forums\/members\/iwellguard.html","https:\/\/www.mymeetbook.com\/iwellguard","https:\/\/pxhere.com\/en\/photographer-me\/5040798","https:\/\/disqus.com\/by\/iwellguard\/about\/","https:\/\/pastelink.net\/hjwciqwq","https:\/\/pubhtml5.com\/homepage\/scjhn\/","https:\/\/www.bitchute.com\/channel\/2O2eOKzNqujT","https:\/\/audiomack.com\/iwellguard"]},{"@type":"Person","@id":"https:\/\/iwell-guard.com\/ca\/#\/schema\/person\/ee2a27f1cac3406c7c6fb5820cb7349f","name":"Ralf Ittermann","image":{"@type":"ImageObject","inLanguage":"ca","@id":"https:\/\/secure.gravatar.com\/avatar\/073c0153e350a5005b68eb752b445fea71f6b24a26da9449ad7e155e6b446c9d?s=96&d=mm&r=g","url":"https:\/\/secure.gravatar.com\/avatar\/073c0153e350a5005b68eb752b445fea71f6b24a26da9449ad7e155e6b446c9d?s=96&d=mm&r=g","contentUrl":"https:\/\/secure.gravatar.com\/avatar\/073c0153e350a5005b68eb752b445fea71f6b24a26da9449ad7e155e6b446c9d?s=96&d=mm&r=g","caption":"Ralf Ittermann"},"givenName":"Ralf","familyName":"Ittermann","jobTitle":"Gesch\u00e4ftsf\u00fchrer und redaktioneller Verantwortlicher","url":"https:\/\/iwell-guard.com\/ca\/author\/claude\/","description":"Ralf Ittermann ist Gesch\u00e4ftsf\u00fchrer der Ittermann electronic GmbH und redaktioneller Verantwortlicher des iWell-Guard-Lexikons. Er verbindet langj\u00e4hrige Erfahrung in der Pr\u00e4zisionsfertigung mit medialer Praxis und religionsgeschichtlicher Quellenarbeit.","worksFor":{"@type":"Organization","name":"Ittermann electronic GmbH","url":"https:\/\/ittermann.de\/","address":{"@type":"PostalAddress","streetAddress":"K\u00f6hlergasse 16-18","postalCode":"99842","addressLocality":"Ruhla","addressCountry":"DE"}},"knowsAbout":["Religionsgeschichte","Mythologie","Mediale Praxis","Energetische Diagnostik","Schutzpraxis","Volksglauben","Westliche Esoterik"]},{"@type":"Article","@id":"https:\/\/iwell-guard.com\/ca\/edimmu\/#article","isPartOf":{"@id":"https:\/\/iwell-guard.com\/ca\/edimmu\/"},"author":{"name":"Ralf Ittermann","@id":"https:\/\/iwell-guard.com\/ca\/#\/schema\/person\/ee2a27f1cac3406c7c6fb5820cb7349f"},"headline":"Edimmu","datePublished":"2026-09-05T15:38:33+00:00","dateModified":"2026-09-05T15:54:14+00:00","mainEntityOfPage":{"@id":"https:\/\/iwell-guard.com\/ca\/edimmu\/"},"publisher":{"@id":"https:\/\/iwell-guard.com\/ca\/#organization"},"image":{"@id":"https:\/\/iwell-guard.com\/ca\/edimmu\/#primaryimage"},"thumbnailUrl":"https:\/\/iwell-guard.com\/wp-content\/uploads\/2026\/04\/geister_mesopotamien_edimmu.webp","inLanguage":"ca","description":"L'Edimmu no \u00e9s, en la demonologia mesopot\u00e0mica, una figura creada, sin\u00f3 conseq\u00fc\u00e8ncia d'una neglig\u00e8ncia humana. Sorgeix quan un..."}]}},"_links":{"self":[{"href":"https:\/\/iwell-guard.com\/ca\/wp-json\/wp\/v2\/pages\/171339","targetHints":{"allow":["GET"]}}],"collection":[{"href":"https:\/\/iwell-guard.com\/ca\/wp-json\/wp\/v2\/pages"}],"about":[{"href":"https:\/\/iwell-guard.com\/ca\/wp-json\/wp\/v2\/types\/page"}],"author":[{"embeddable":true,"href":"https:\/\/iwell-guard.com\/ca\/wp-json\/wp\/v2\/users\/3"}],"replies":[{"embeddable":true,"href":"https:\/\/iwell-guard.com\/ca\/wp-json\/wp\/v2\/comments?post=171339"}],"version-history":[{"count":0,"href":"https:\/\/iwell-guard.com\/ca\/wp-json\/wp\/v2\/pages\/171339\/revisions"}],"wp:featuredmedia":[{"embeddable":true,"href":"https:\/\/iwell-guard.com\/ca\/wp-json\/wp\/v2\/media\/1693"}],"wp:attachment":[{"href":"https:\/\/iwell-guard.com\/ca\/wp-json\/wp\/v2\/media?parent=171339"}],"wp:term":[{"taxonomy":"category","embeddable":true,"href":"https:\/\/iwell-guard.com\/ca\/wp-json\/wp\/v2\/categories?post=171339"}],"curies":[{"name":"wp","href":"https:\/\/api.w.org\/{rel}","templated":true}]}}