{"id":171337,"date":"2026-09-05T15:38:33","date_gmt":"2026-09-05T15:38:33","guid":{"rendered":"https:\/\/iwell-guard.com\/?page_id=171337"},"modified":"2026-09-05T15:54:09","modified_gmt":"2026-09-05T15:54:09","slug":"lilu-i-lilitu","status":"publish","type":"page","link":"https:\/\/iwell-guard.com\/ca\/lilu-i-lilitu\/","title":{"rendered":"Lil\u00fb i Lil\u012btu"},"content":{"rendered":"\t\t<div data-elementor-type=\"wp-page\" data-elementor-id=\"171337\" class=\"elementor elementor-171337 elementor-722\" data-elementor-post-type=\"page\">\n\t\t\t\t<div class=\"elementor-element elementor-element-10fdade e-flex e-con-boxed e-con e-parent\" data-id=\"10fdade\" data-element_type=\"container\" data-e-type=\"container\" data-settings=\"{&quot;background_background&quot;:&quot;classic&quot;}\">\n\t\t\t\t\t<div class=\"e-con-inner\">\n\t\t<div class=\"elementor-element elementor-element-herohlft0 e-flex e-con-boxed e-con e-child\" data-id=\"herohlft0\" data-element_type=\"container\" data-e-type=\"container\">\n\t\t\t\t\t<div class=\"e-con-inner\">\n\t\t<div class=\"elementor-element elementor-element-c3ceb64 e-con-full e-flex e-con e-child\" data-id=\"c3ceb64\" data-element_type=\"container\" data-e-type=\"container\">\n\t\t\t\t<div class=\"elementor-element elementor-element-96ae5e1 elementor-widget elementor-widget-heading\" data-id=\"96ae5e1\" data-element_type=\"widget\" data-e-type=\"widget\" data-widget_type=\"heading.default\">\n\t\t\t\t\t<h1 class=\"elementor-heading-title elementor-size-default\">Lilu i Lilitu, dimonessa de la tradici\u00f3 mesopot\u00e0mica<\/h1>\t\t\t\t<\/div>\n\t\t\t\t<div class=\"elementor-element elementor-element-e45238a elementor-widget elementor-widget-text-editor\" data-id=\"e45238a\" data-element_type=\"widget\" data-e-type=\"widget\" data-widget_type=\"text-editor.default\">\n\t\t\t\t\t\t\t\t\t<p>Lilu i Lilitu \u00e9s dimonessa de la tradici\u00f3 mesopot\u00e0mica.<\/p><p><strong>\u00c9ssers de la nit i del vent entre el somni, el desert i la seducci\u00f3.<\/strong> La fitxa situa Lilu i Lilitu dins l&#8217;imaginari mesopot\u00e0mic de la nit, el desert i la seducci\u00f3.<\/p>\t\t\t\t\t\t\t\t<\/div>\n\t\t\t\t<\/div>\n\t\t<div class=\"elementor-element elementor-element-klsbdg01 e-con-full e-flex e-con e-parent\" data-id=\"klsbdg01\" data-element_type=\"container\" data-e-type=\"container\">\n\t\t\t\t<div class=\"elementor-element elementor-element-klshtm01 elementor-widget elementor-widget-html\" data-id=\"klshtm01\" data-element_type=\"widget\" data-e-type=\"widget\" data-widget_type=\"html.default\">\n\t\t\t\t\t<div class=\"iwg-pill-row\"><span class=\"iwg-klasse-badge\" tabindex=\"0\" data-tooltip=\"Dimoni \/ Dimonia: \u00c9sser sobrenatural amb efectes generalment perjudicials o ambivalents. Se situa entre els d\u00e9us i els humans, provoca malalties, temptacions o infortunis, i s'allunya mitjan\u00e7ant conjurs, objectes apotropaics i rituals.\">Dimonia<\/span><a href=\"https:\/\/iwell-guard.com\/ca\/?page_id=171334\" class=\"iwg-kultur-badge\" tabindex=\"0\" data-tooltip=\"Bressol de la religi\u00f3 documentada, Sumer, Akkad, Babil\u00f2nia, Ass\u00edria (ca. 3500 aC fins 330 aC).\">Mesopot\u00e0mia<\/a><\/div>\t\t\t\t<\/div>\n\t\t\t\t<\/div>\n\t\t<div class=\"elementor-element elementor-element-3f74855 e-con-full e-flex e-con e-child\" data-id=\"3f74855\" data-element_type=\"container\" data-e-type=\"container\">\n\t\t\t\t<div class=\"elementor-element elementor-element-1c30362 elementor-toc--minimized-on-tablet elementor-widget elementor-widget-table-of-contents\" data-id=\"1c30362\" data-element_type=\"widget\" data-e-type=\"widget\" data-settings=\"{&quot;exclude_headings_by_selector&quot;:[],&quot;no_headings_message&quot;:&quot;No s&#039;ha trobat cap encap\\u00e7alament en aquesta p\\u00e0gina.&quot;,&quot;headings_by_tags&quot;:[&quot;h2&quot;,&quot;h3&quot;],&quot;marker_view&quot;:&quot;bullets&quot;,&quot;icon&quot;:{&quot;value&quot;:&quot;fas fa-circle&quot;,&quot;library&quot;:&quot;fa-solid&quot;,&quot;rendered_tag&quot;:&quot;&lt;svg class=\\&quot;e-font-icon-svg e-fas-circle\\&quot; viewBox=\\&quot;0 0 512 512\\&quot; xmlns=\\&quot;http:\\\/\\\/www.w3.org\\\/2000\\\/svg\\&quot;&gt;&lt;path d=\\&quot;M256 8C119 8 8 119 8 256s111 248 248 248 248-111 248-248S393 8 256 8z\\&quot;&gt;&lt;\\\/path&gt;&lt;\\\/svg&gt;&quot;},&quot;minimize_box&quot;:&quot;yes&quot;,&quot;minimized_on&quot;:&quot;tablet&quot;,&quot;hierarchical_view&quot;:&quot;yes&quot;,&quot;min_height&quot;:{&quot;unit&quot;:&quot;px&quot;,&quot;size&quot;:&quot;&quot;,&quot;sizes&quot;:[]},&quot;min_height_tablet&quot;:{&quot;unit&quot;:&quot;px&quot;,&quot;size&quot;:&quot;&quot;,&quot;sizes&quot;:[]},&quot;min_height_mobile&quot;:{&quot;unit&quot;:&quot;px&quot;,&quot;size&quot;:&quot;&quot;,&quot;sizes&quot;:[]}}\" data-widget_type=\"table-of-contents.default\">\n\t\t\t\t\t\t\t\t\t<div class=\"elementor-toc__header\">\n\t\t\t\t\t\t<h2 class=\"elementor-toc__header-title\">\n\t\t\t\t\u00cdndex\t\t\t<\/h2>\n\t\t\t\t\t\t\t\t\t\t<div class=\"elementor-toc__toggle-button elementor-toc__toggle-button--expand\" role=\"button\" tabindex=\"0\" aria-controls=\"elementor-toc__1c30362\" aria-expanded=\"true\" aria-label=\"Open table of contents\"><svg aria-hidden=\"true\" class=\"e-font-icon-svg e-fas-chevron-down\" viewBox=\"0 0 448 512\" xmlns=\"http:\/\/www.w3.org\/2000\/svg\"><path d=\"M207.029 381.476L12.686 187.132c-9.373-9.373-9.373-24.569 0-33.941l22.667-22.667c9.357-9.357 24.522-9.375 33.901-.04L224 284.505l154.745-154.021c9.379-9.335 24.544-9.317 33.901.04l22.667 22.667c9.373 9.373 9.373 24.569 0 33.941L240.971 381.476c-9.373 9.372-24.569 9.372-33.942 0z\"><\/path><\/svg><\/div>\n\t\t\t\t<div class=\"elementor-toc__toggle-button elementor-toc__toggle-button--collapse\" role=\"button\" tabindex=\"0\" aria-controls=\"elementor-toc__1c30362\" aria-expanded=\"true\" aria-label=\"Close table of contents\"><svg aria-hidden=\"true\" class=\"e-font-icon-svg e-fas-chevron-up\" viewBox=\"0 0 448 512\" xmlns=\"http:\/\/www.w3.org\/2000\/svg\"><path d=\"M240.971 130.524l194.343 194.343c9.373 9.373 9.373 24.569 0 33.941l-22.667 22.667c-9.357 9.357-24.522 9.375-33.901.04L224 227.495 69.255 381.516c-9.379 9.335-24.544 9.317-33.901-.04l-22.667-22.667c-9.373-9.373-9.373-24.569 0-33.941L207.03 130.525c9.372-9.373 24.568-9.373 33.941-.001z\"><\/path><\/svg><\/div>\n\t\t\t\t\t<\/div>\n\t\t\t\t<div id=\"elementor-toc__1c30362\" class=\"elementor-toc__body\">\n\t\t\t<div class=\"elementor-toc__spinner-container\">\n\t\t\t\t<svg class=\"elementor-toc__spinner eicon-animation-spin e-font-icon-svg e-eicon-loading\" aria-hidden=\"true\" viewBox=\"0 0 1000 1000\" xmlns=\"http:\/\/www.w3.org\/2000\/svg\"><path d=\"M500 975V858C696 858 858 696 858 500S696 142 500 142 142 304 142 500H25C25 237 238 25 500 25S975 237 975 500 763 975 500 975Z\"><\/path><\/svg>\t\t\t<\/div>\n\t\t<\/div>\n\t\t\t\t\t\t<\/div>\n\t\t\t\t<\/div>\n\t\t\t\t\t<\/div>\n\t\t\t\t<\/div>\n\t\t<div class=\"elementor-element elementor-element-herorght0 e-con-full e-flex e-con e-child\" data-id=\"herorght0\" data-element_type=\"container\" data-e-type=\"container\">\n\t\t\t\t<div class=\"elementor-element elementor-element-heroimg00 iwg-hero-image elementor-widget elementor-widget-image\" data-id=\"heroimg00\" data-element_type=\"widget\" data-e-type=\"widget\" data-widget_type=\"image.default\">\n\t\t\t\t\t\t\t\t\t\t\t\t\t\t\t<img fetchpriority=\"high\" decoding=\"async\" width=\"683\" height=\"1024\" src=\"https:\/\/iwell-guard.com\/wp-content\/uploads\/2026\/04\/daemonen_mesopotamien_lilu-und-lilitu-1-683x1024.webp\" class=\"attachment-large size-large wp-image-1710\" alt=\"Lil\u00fb i Lil\u012btu\" srcset=\"https:\/\/iwell-guard.com\/wp-content\/uploads\/2026\/04\/daemonen_mesopotamien_lilu-und-lilitu-1-683x1024.webp 683w, https:\/\/iwell-guard.com\/wp-content\/uploads\/2026\/04\/daemonen_mesopotamien_lilu-und-lilitu-1-200x300.webp 200w, https:\/\/iwell-guard.com\/wp-content\/uploads\/2026\/04\/daemonen_mesopotamien_lilu-und-lilitu-1-768x1152.webp 768w, https:\/\/iwell-guard.com\/wp-content\/uploads\/2026\/04\/daemonen_mesopotamien_lilu-und-lilitu-1.webp 1024w\" sizes=\"(max-width: 683px) 100vw, 683px\" \/>\t\t\t\t\t\t\t\t\t\t\t\t\t\t\t<\/div>\n\t\t\t\t<\/div>\n\t\t\t\t\t<\/div>\n\t\t\t\t<\/div>\n\t\t<div class=\"elementor-element elementor-element-32917199 e-flex e-con-boxed e-con e-parent\" data-id=\"32917199\" data-element_type=\"container\" data-e-type=\"container\">\n\t\t\t\t\t<div class=\"e-con-inner\">\n\t\t<div class=\"elementor-element elementor-element-26e916cb e-flex e-con-boxed e-con e-child\" data-id=\"26e916cb\" data-element_type=\"container\" data-e-type=\"container\">\n\t\t\t\t\t<div class=\"e-con-inner\">\n\t\t<div class=\"elementor-element elementor-element-253a40d4 e-flex e-con-boxed e-con e-child\" data-id=\"253a40d4\" data-element_type=\"container\" data-e-type=\"container\">\n\t\t\t\t\t<div class=\"e-con-inner\">\n\t\t\t\t<div class=\"elementor-element elementor-element-1200c304 elementor-widget elementor-widget-heading\" data-id=\"1200c304\" data-element_type=\"widget\" data-e-type=\"widget\" data-widget_type=\"heading.default\">\n\t\t\t\t\t<h3 class=\"elementor-heading-title elementor-size-default\">Lil\u00fb i Lil\u012btu<\/h3>\t\t\t\t<\/div>\n\t\t\t\t<div class=\"elementor-element elementor-element-11758e7f elementor-widget elementor-widget-text-editor\" data-id=\"11758e7f\" data-element_type=\"widget\" data-e-type=\"widget\" data-widget_type=\"text-editor.default\">\n\t\t\t\t\t\t\t\t\t<p>Lil\u00fb (mascul\u00ed) i Lil\u012btu (femen\u00ed) formen una parella de dimonis ac\u00e0dics estretament associats al vent, la nit i la sexualitat no bene\u00efda.<\/p><p>L&#8217;\u00e8tim sumeri <em>l\u00edl<\/em> designa origin\u00e0riament l&#8217;espai d&#8217;aire en moviment; d&#8217;aqu\u00ed es desenvolupen en ac\u00e0dic \u00e9ssers que habiten aquest espai, incorporis, inapresables i perillosos per a les persones que dormen. D&#8217;aquesta mateixa capa prov\u00e9 tamb\u00e9 la variant femenina m\u00e9s recent <em>ardat-lil\u00ee<\/em>, que amena\u00e7a sobretot els homes joves i les pu\u00e8rperes.<\/p>\t\t\t\t\t\t\t\t<\/div>\n\t\t\t\t\t<\/div>\n\t\t\t\t<\/div>\n\t\t<div class=\"elementor-element elementor-element-159dcf9a e-flex e-con-boxed e-con e-child\" data-id=\"159dcf9a\" data-element_type=\"container\" data-e-type=\"container\">\n\t\t\t\t\t<div class=\"e-con-inner\">\n\t\t\t\t<div class=\"elementor-element elementor-element-48cee66f elementor-widget elementor-widget-heading\" data-id=\"48cee66f\" data-element_type=\"widget\" data-e-type=\"widget\" data-widget_type=\"heading.default\">\n\t\t\t\t\t<h2 class=\"elementor-heading-title elementor-size-default\">Resum: Lilu i Lilitu<\/h2>\t\t\t\t<\/div>\n\t\t\t\t<div class=\"elementor-element elementor-element-3f50d82c elementor-widget elementor-widget-text-editor\" data-id=\"3f50d82c\" data-element_type=\"widget\" data-e-type=\"widget\" data-widget_type=\"text-editor.default\">\n\t\t\t\t\t\t\t\t\t<p><strong>Tipus:<\/strong> parella de dimonis del vent i de la nit (ac\u00e0dics)<br>Origen: sumeri <em>l\u00edl<\/em> \u2192 ac\u00e0dic <em>lil\u00fb<\/em> (m.) i <em>lil\u012btu<\/em> (f.); ardat-lil\u00ee com a variant que amena\u00e7a els infants<br>Funci\u00f3: seducci\u00f3 nocturna, trastorns del son, amena\u00e7a sexual; ardat-lil\u00ee amena\u00e7a a m\u00e9s les pu\u00e8rperes i els nadons<br><span class=\"iwg-fachbegriff\" data-tooltip=\"L'acte de suplicar o invocar una divinitat o un poder.\" tabindex=\"0\">Invocaci\u00f3<\/span>: taules d&#8217;encanteris (s\u00e8rie Maql\u00fb), amulets protectors<br>Fonts principals: textos d&#8217;encanteris ac\u00e0dics, llistes lexicals, Gilgameix<\/p>\t\t\t\t\t\t\t\t<\/div>\n\t\t\t\t\t<\/div>\n\t\t\t\t<\/div>\n\t\t\t\t\t<\/div>\n\t\t\t\t<\/div>\n\t\t\t\t\t<\/div>\n\t\t\t\t<\/div>\n\t\t<div class=\"elementor-element elementor-element-18613602 e-flex e-con-boxed e-con e-parent\" data-id=\"18613602\" data-element_type=\"container\" data-e-type=\"container\">\n\t\t\t\t\t<div class=\"e-con-inner\">\n\t\t\t\t<div class=\"elementor-element elementor-element-262b8a9f elementor-widget elementor-widget-heading\" data-id=\"262b8a9f\" data-element_type=\"widget\" data-e-type=\"widget\" data-widget_type=\"heading.default\">\n\t\t\t\t\t<h2 class=\"elementor-heading-title elementor-size-default\">Context<\/h2>\t\t\t\t<\/div>\n\t\t<div class=\"elementor-element elementor-element-46dcb7d e-con-full e-flex e-con e-child\" data-id=\"46dcb7d\" data-element_type=\"container\" data-e-type=\"container\">\n\t\t<div class=\"elementor-element elementor-element-61d3ab3 e-flex e-con-boxed e-con e-child\" data-id=\"61d3ab3\" data-element_type=\"container\" data-e-type=\"container\">\n\t\t\t\t\t<div class=\"e-con-inner\">\n\t\t\t\t<div class=\"elementor-element elementor-element-117c166 elementor-widget elementor-widget-heading\" data-id=\"117c166\" data-element_type=\"widget\" data-e-type=\"widget\" data-widget_type=\"heading.default\">\n\t\t\t\t\t<h3 class=\"elementor-heading-title elementor-size-default\">Per\u00edode dels textos<\/h3>\t\t\t\t<\/div>\n\t\t\t\t<div class=\"elementor-element elementor-element-73997a0 elementor-widget elementor-widget-text-editor\" data-id=\"73997a0\" data-element_type=\"widget\" data-e-type=\"widget\" data-widget_type=\"text-editor.default\">\n\t\t\t\t\t\t\t\t\t<p>Els primers testimonis apareixen en textos sumeroac\u00e0dics del segon mil\u00b7lenni aC. El grup roman present fins al primer mil\u00b7lenni. T\u00e9 una perviv\u00e8ncia considerable en els bols m\u00e0gics aramaics de l&#8217;<span class=\"iwg-fachbegriff\" data-tooltip=\"Per\u00edode de transici\u00f3 entre l'antiguitat i l'edat mitjana, aproximadament del segle III al VII.\" tabindex=\"0\">antiguitat tardana<\/span> i en la tradici\u00f3 jueva al voltant de Lilith.<\/p>\t\t\t\t\t\t\t\t<\/div>\n\t\t\t\t\t<\/div>\n\t\t\t\t<\/div>\n\t\t<div class=\"elementor-element elementor-element-d47b156 e-flex e-con-boxed e-con e-child\" data-id=\"d47b156\" data-element_type=\"container\" data-e-type=\"container\">\n\t\t\t\t\t<div class=\"e-con-inner\">\n\t\t\t\t<div class=\"elementor-element elementor-element-ff38c2b elementor-widget elementor-widget-heading\" data-id=\"ff38c2b\" data-element_type=\"widget\" data-e-type=\"widget\" data-widget_type=\"heading.default\">\n\t\t\t\t\t<h3 class=\"elementor-heading-title elementor-size-default\">\u00c0rea de difusi\u00f3<\/h3>\t\t\t\t<\/div>\n\t\t\t\t<div class=\"elementor-element elementor-element-4e49fcc elementor-widget elementor-widget-text-editor\" data-id=\"4e49fcc\" data-element_type=\"widget\" data-e-type=\"widget\" data-widget_type=\"text-editor.default\">\n\t\t\t\t\t\t\t\t\t<p>L&#8217;espai central \u00e9s Mesopot\u00e0mia. Des d&#8217;all\u00e0, motius i noms es difonen a trav\u00e9s del Llevant cap a les tradicions aramaiques, hebrees i m\u00e9s tard cristianopopulars. Especialment estreta \u00e9s la relaci\u00f3 amb els encanteris i amulets protectors jueus de Babil\u00f2nia i Palestina.<\/p>\t\t\t\t\t\t\t\t<\/div>\n\t\t\t\t\t<\/div>\n\t\t\t\t<\/div>\n\t\t\t\t<\/div>\n\t\t<div class=\"elementor-element elementor-element-db03c39 e-con-full e-flex e-con e-child\" data-id=\"db03c39\" data-element_type=\"container\" data-e-type=\"container\">\n\t\t<div class=\"elementor-element elementor-element-229a87b e-flex e-con-boxed e-con e-child\" data-id=\"229a87b\" data-element_type=\"container\" data-e-type=\"container\">\n\t\t\t\t\t<div class=\"e-con-inner\">\n\t\t\t\t<div class=\"elementor-element elementor-element-1f471fc elementor-widget elementor-widget-heading\" data-id=\"1f471fc\" data-element_type=\"widget\" data-e-type=\"widget\" data-widget_type=\"heading.default\">\n\t\t\t\t\t<h3 class=\"elementor-heading-title elementor-size-default\">Estat de les fonts<\/h3>\t\t\t\t<\/div>\n\t\t\t\t<div class=\"elementor-element elementor-element-36b1201 elementor-widget elementor-widget-text-editor\" data-id=\"36b1201\" data-element_type=\"widget\" data-e-type=\"widget\" data-widget_type=\"text-editor.default\">\n\t\t\t\t\t\t\t\t\t<p><span data-nosnippet>Els textos centrals s\u00f3n els encanteris ac\u00e0dics contra Lil\u00fb, Lil\u012btu i ardat-lil\u00ee, que apareixen en les grans s\u00e8ries d&#8217;encanteris Maql\u00fb i \u0160urpu. A m\u00e9s, hi ha esments a\u00efllats en llistes lexicals, en la col\u00b7lecci\u00f3 Utukk\u016b lemn\u016btu (\u00abDimonis malignes\u00bb) i en textos escolars babilonis tardans. L&#8217;edici\u00f3 m\u00e9s important \u00e9s de M.J. Geller (2007 i 2016, Brill); treballs anteriors de R. Borger i F.A.M. Wiggermann.<\/span><\/p>\t\t\t\t\t\t\t\t<\/div>\n\t\t\t\t\t<\/div>\n\t\t\t\t<\/div>\n\t\t\t\t<\/div>\n\t\t\t\t\t<\/div>\n\t\t\t\t<\/div>\n\t\t<div class=\"elementor-element elementor-element-3ae0637c e-flex e-con-boxed e-con e-parent\" data-id=\"3ae0637c\" data-element_type=\"container\" data-e-type=\"container\">\n\t\t\t\t\t<div class=\"e-con-inner\">\n\t\t\t\t<div class=\"elementor-element elementor-element-31d07739 elementor-widget elementor-widget-heading\" data-id=\"31d07739\" data-element_type=\"widget\" data-e-type=\"widget\" data-widget_type=\"heading.default\">\n\t\t\t\t\t<h2 class=\"elementor-heading-title elementor-size-default\">Nom i variants<\/h2>\t\t\t\t<\/div>\n\t\t<div class=\"elementor-element elementor-element-b7642947 e-con-full e-flex e-con e-child\" data-id=\"b7642947\" data-element_type=\"container\" data-e-type=\"container\">\n\t\t\t\t<div class=\"elementor-element elementor-element-a086266 elementor-widget elementor-widget-text-editor\" data-id=\"a086266\" data-element_type=\"widget\" data-e-type=\"widget\" data-widget_type=\"text-editor.default\">\n\t\t\t\t\t\t\t\t\t<p><strong>Sumeri:<\/strong> <em>l\u00edl<\/em> (vent\/aire en moviment) \u2192 <em>l\u00edl-l\u00e1<\/em> (\u00e9sser del vent). <strong>Ac\u00e0dic:<\/strong> <em>lil\u00fb<\/em> (m.), <em>lil\u012btu<\/em> (f.), <em>ardat-lil\u00ee<\/em> (\u00abdona jove-lil\u00ee\u00bb, forma femenina amb un component perill\u00f3s per als infants). La semblan\u00e7a fon\u00e8tica amb l&#8217;hebreu <em>laylah<\/em> (nit) \u00e9s secund\u00e0ria; la relaci\u00f3 etimol\u00f2gica popular amb \u00abnit\u00bb nom\u00e9s es fa evident en els escrits arameorab\u00ednics i marca la posterior imatge de Lilith.<\/p>\t\t\t\t\t\t\t\t<\/div>\n\t\t\t\t<\/div>\n\t\t\t\t\t<\/div>\n\t\t\t\t<\/div>\n\t\t<div class=\"elementor-element elementor-element-709a44a8 e-flex e-con-boxed e-con e-parent\" data-id=\"709a44a8\" data-element_type=\"container\" data-e-type=\"container\">\n\t\t\t\t\t<div class=\"e-con-inner\">\n\t\t\t\t<div class=\"elementor-element elementor-element-2f585873 elementor-widget elementor-widget-heading\" data-id=\"2f585873\" data-element_type=\"widget\" data-e-type=\"widget\" data-widget_type=\"heading.default\">\n\t\t\t\t\t<h2 class=\"elementor-heading-title elementor-size-default\">Trets caracter\u00edstics<\/h2>\t\t\t\t<\/div>\n\t\t<div class=\"elementor-element elementor-element-70621c12 e-con-full e-flex e-con e-child\" data-id=\"70621c12\" data-element_type=\"container\" data-e-type=\"container\">\n\t\t\t\t<div class=\"elementor-element elementor-element-4296eb49 elementor-widget elementor-widget-text-editor\" data-id=\"4296eb49\" data-element_type=\"widget\" data-e-type=\"widget\" data-widget_type=\"text-editor.default\">\n\t\t\t\t\t\t\t\t\t<h3>Aparen\u00e7a<\/h3><p>Lil\u00fb i Lil\u012btu no tenen un programa iconogr\u00e0fic fix. S\u00f3n \u00e9ssers del vent, incorporis, que de vegades es manifesten com a ombres nocturnes o somnis. L&#8217;ardat-lil\u00ee pot apar\u00e8ixer amb aspecte jove i femen\u00ed, sovint com una figura seductora que s&#8217;acosta als homes mentre dormen. Les representacions figuratives s\u00f3n rares i no concloents.<\/p><h3>Comportament<\/h3><p>Arriben durant la nit, s&#8217;introdueixen a les cases i a les cambres i assetgen les persones que dormen. Lil\u00fb sedueix les dones, Lil\u012btu els homes. L&#8217;ardat-lil\u00ee amena\u00e7a els solters, les pu\u00e8rperes i els nadons. Desapareixen amb l&#8217;arribada del mat\u00ed, per\u00f2 deixen malaltia, malsons o experi\u00e8ncies sexuals no desitjades.<\/p><h3>\u00c0mbit d&#8217;acci\u00f3<\/h3><p>Trastorns del son, malsons, <a class=\"iwg-fachbegriff\" href=\"https:\/\/iwell-guard.com\/ca\/?page_id=171640\" tabindex=\"0\" data-tooltip=\"Estat de percepci\u00f3 en qu\u00e8 la consci\u00e8ncia es desperta per\u00f2 el cos encara est\u00e0 paralitzat per l'atonia REM; sovint associat a al\u00b7lucinacions.\" style=\"color:inherit;text-decoration:none\">par\u00e0lisi del son<\/a>, somnis sexuals, p\u00e8rdues de gestaci\u00f3 inexplicades, infertilitat. En la percepci\u00f3 rural i arcaica, tamb\u00e9 terra inf\u00e8rtil i parts d&#8217;animals pertorbats. L&#8217;\u00e0mbit d&#8217;acci\u00f3 es superposa parcialment amb el de Lamashtu, per\u00f2 est\u00e0 m\u00e9s centrat en el son.<\/p>\t\t\t\t\t\t\t\t<\/div>\n\t\t\t\t<\/div>\n\t\t\t\t\t<\/div>\n\t\t\t\t<\/div>\n\t\t<div class=\"elementor-element elementor-element-44e71476 e-flex e-con-boxed e-con e-parent\" data-id=\"44e71476\" data-element_type=\"container\" data-e-type=\"container\">\n\t\t\t\t\t<div class=\"e-con-inner\">\n\t\t\t\t<div class=\"elementor-element elementor-element-3c1fc3f0 elementor-widget elementor-widget-heading\" data-id=\"3c1fc3f0\" data-element_type=\"widget\" data-e-type=\"widget\" data-widget_type=\"heading.default\">\n\t\t\t\t\t<h2 class=\"elementor-heading-title elementor-size-default\">Fitxa: Lilu i Lilitu<\/h2>\t\t\t\t<\/div>\n\t\t<div class=\"elementor-element elementor-element-84f33b8e e-con-full e-flex e-con e-child\" data-id=\"84f33b8e\" data-element_type=\"container\" data-e-type=\"container\">\n\t\t\t\t<div class=\"elementor-element elementor-element-hqkdc67p elementor-widget elementor-widget-text-editor\" data-id=\"hqkdc67p\" data-element_type=\"widget\" data-e-type=\"widget\" data-widget_type=\"text-editor.default\">\n\t\t\t\t\t\t\t\t\t<p>Els aspectes m\u00e9s importants de Lil\u00fb i Lil\u012btu d&#8217;una ullada. Trobareu el desenvolupament sobre el nom, la descripci\u00f3, la defensa i els paral\u00b7lelismes en els apartats seg\u00fcents.<\/p>\t\t\t\t\t\t\t\t<\/div>\n\t\t\t\t<\/div>\n\t\t<div class=\"elementor-element elementor-element-pemmx7c5 e-con-full e-flex e-con e-child\" data-id=\"pemmx7c5\" data-element_type=\"container\" data-e-type=\"container\">\n\t\t<div class=\"elementor-element elementor-element-pemmx7c1 e-con-full e-flex e-con e-child\" data-id=\"pemmx7c1\" data-element_type=\"container\" data-e-type=\"container\">\n\t\t<div class=\"elementor-element elementor-element-qh9oavvu iwg-steckbrief-card e-flex e-con-boxed e-con e-child\" data-id=\"qh9oavvu\" data-element_type=\"container\" data-e-type=\"container\">\n\t\t\t\t\t<div class=\"e-con-inner\">\n\t\t\t\t<div class=\"elementor-element elementor-element-awzx8k2k elementor-widget elementor-widget-heading\" data-id=\"awzx8k2k\" data-element_type=\"widget\" data-e-type=\"widget\" data-widget_type=\"heading.default\">\n\t\t\t\t\t<div class=\"elementor-heading-title elementor-size-default\">Origen<\/div>\t\t\t\t<\/div>\n\t\t\t\t<div class=\"elementor-element elementor-element-x6rowhv0 elementor-widget elementor-widget-text-editor\" data-id=\"x6rowhv0\" data-element_type=\"widget\" data-e-type=\"widget\" data-widget_type=\"text-editor.default\">\n\t\t\t\t\t\t\t\t\t<p>Etimologia sumeroac\u00e0dica: a partir de <em>l\u00edl<\/em> (aire en moviment, vent, al\u00e8) es desenvolupa la categoria d&#8217;\u00e9ssers incorporis del vent. Lil\u00fb com a representant mascul\u00ed, Lil\u012btu com a representant femen\u00ed d&#8217;aquesta classe. L&#8217;ardat-lil\u00ee es desenvolupa com una variant m\u00e9s recent i espec\u00edfica, amb un component sexual marcat i perill\u00f3s per als infants.<\/p>\t\t\t\t\t\t\t\t<\/div>\n\t\t\t\t\t<\/div>\n\t\t\t\t<\/div>\n\t\t<div class=\"elementor-element elementor-element-8e3o4kxs iwg-steckbrief-card e-flex e-con-boxed e-con e-child\" data-id=\"8e3o4kxs\" data-element_type=\"container\" data-e-type=\"container\">\n\t\t\t\t\t<div class=\"e-con-inner\">\n\t\t\t\t<div class=\"elementor-element elementor-element-08rkdgov elementor-widget elementor-widget-heading\" data-id=\"08rkdgov\" data-element_type=\"widget\" data-e-type=\"widget\" data-widget_type=\"heading.default\">\n\t\t\t\t\t<div class=\"elementor-heading-title elementor-size-default\">Relacionat amb<\/div>\t\t\t\t<\/div>\n\t\t\t\t<div class=\"elementor-element elementor-element-uwjelx8s elementor-widget elementor-widget-text-editor\" data-id=\"uwjelx8s\" data-element_type=\"widget\" data-e-type=\"widget\" data-widget_type=\"text-editor.default\">\n\t\t\t\t\t\t\t\t\t<p>Les persones que dormen, especialment les no casades i sense fills. Els viatgers al desert i a l&#8217;erm\u00e0s. Els llocs on l&#8217;espai de protecci\u00f3 social \u00e9s feble.<\/p>\t\t\t\t\t\t\t\t<\/div>\n\t\t\t\t\t<\/div>\n\t\t\t\t<\/div>\n\t\t<div class=\"elementor-element elementor-element-jm2n74ec iwg-steckbrief-card e-flex e-con-boxed e-con e-child\" data-id=\"jm2n74ec\" data-element_type=\"container\" data-e-type=\"container\">\n\t\t\t\t\t<div class=\"e-con-inner\">\n\t\t\t\t<div class=\"elementor-element elementor-element-8vufse4c elementor-widget elementor-widget-heading\" data-id=\"8vufse4c\" data-element_type=\"widget\" data-e-type=\"widget\" data-widget_type=\"heading.default\">\n\t\t\t\t\t<div class=\"elementor-heading-title elementor-size-default\">Forma<\/div>\t\t\t\t<\/div>\n\t\t\t\t<div class=\"elementor-element elementor-element-mwb9u015 elementor-widget elementor-widget-text-editor\" data-id=\"mwb9u015\" data-element_type=\"widget\" data-e-type=\"widget\" data-widget_type=\"text-editor.default\">\n\t\t\t\t\t\t\t\t\t<p>No hi ha un programa iconogr\u00e0fic fix. Lil\u00fb i Lil\u012btu es descriuen sobretot com a vent o ombra nocturna. L&#8217;ardat-lil\u00ee apareix ocasionalment en textos d&#8217;encanteris com una jove atractiva de cabells llargs. Les representacions figuratives s\u00f3n molt rares; algunes plaquetes de fang de l&#8217;\u00e8poca paleobabil\u00f2nica (l&#8217;anomenat \u00ab<span class=\"iwg-fachbegriff\" data-tooltip=\"Una representaci\u00f3 en relleu treballada a partir d'una superf\u00edcie.\" tabindex=\"0\">relleu<\/span> Burney\u00bb) s&#8217;associen de vegades amb Lil\u012btu, per\u00f2 la identificaci\u00f3 \u00e9s discutida.<\/p>\t\t\t\t\t\t\t\t<\/div>\n\t\t\t\t\t<\/div>\n\t\t\t\t<\/div>\n\t\t\t\t<\/div>\n\t\t<div class=\"elementor-element elementor-element-pemmx7c2 e-con-full e-flex e-con e-child\" data-id=\"pemmx7c2\" data-element_type=\"container\" data-e-type=\"container\">\n\t\t<div class=\"elementor-element elementor-element-37ss2yr6 iwg-steckbrief-card e-flex e-con-boxed e-con e-child\" data-id=\"37ss2yr6\" data-element_type=\"container\" data-e-type=\"container\">\n\t\t\t\t\t<div class=\"e-con-inner\">\n\t\t\t\t<div class=\"elementor-element elementor-element-3v0wp3wx elementor-widget elementor-widget-heading\" data-id=\"3v0wp3wx\" data-element_type=\"widget\" data-e-type=\"widget\" data-widget_type=\"heading.default\">\n\t\t\t\t\t<div class=\"elementor-heading-title elementor-size-default\">\u00c0mbit d'acci\u00f3<\/div>\t\t\t\t<\/div>\n\t\t\t\t<div class=\"elementor-element elementor-element-w3247g2m elementor-widget elementor-widget-text-editor\" data-id=\"w3247g2m\" data-element_type=\"widget\" data-e-type=\"widget\" data-widget_type=\"text-editor.default\">\n\t\t\t\t\t\t\t\t\t<p>Malsons, <a class=\"iwg-fachbegriff\" href=\"https:\/\/iwell-guard.com\/ca\/?page_id=171640\" tabindex=\"0\" data-tooltip=\"Estat de percepci\u00f3 en qu\u00e8 la consci\u00e8ncia es desperta per\u00f2 el cos encara est\u00e0 paralitzat per l'atonia REM.\" style=\"color:inherit;text-decoration:none\">par\u00e0lisi del son<\/a>, experi\u00e8ncies sexuals nocturnes, malenconia, infertilitat. Figura explicativa d&#8217;all\u00f2 que succeeix durant la nit i als l\u00edmits de l&#8217;espai social.<\/p>\t\t\t\t\t\t\t\t<\/div>\n\t\t\t\t\t<\/div>\n\t\t\t\t<\/div>\n\t\t<div class=\"elementor-element elementor-element-0qpjal9w iwg-steckbrief-card e-flex e-con-boxed e-con e-child\" data-id=\"0qpjal9w\" data-element_type=\"container\" data-e-type=\"container\">\n\t\t\t\t\t<div class=\"e-con-inner\">\n\t\t\t\t<div class=\"elementor-element elementor-element-6ndoih0o elementor-widget elementor-widget-heading\" data-id=\"6ndoih0o\" data-element_type=\"widget\" data-e-type=\"widget\" data-widget_type=\"heading.default\">\n\t\t\t\t\t<div class=\"elementor-heading-title elementor-size-default\">Amulets protectors<\/div>\t\t\t\t<\/div>\n\t\t\t\t<div class=\"elementor-element elementor-element-6684tyh9 elementor-widget elementor-widget-text-editor\" data-id=\"6684tyh9\" data-element_type=\"widget\" data-e-type=\"widget\" data-widget_type=\"text-editor.default\">\n\t\t\t\t\t\t\t\t\t<p>Encanteris, amulets protectors amb inscripcions, mesures rituals de protecci\u00f3 per a la cambra on es dorm. En la tradici\u00f3 posterior: bols m\u00e0gics amb f\u00f3rmules protectores contra Lilith.<\/p>\t\t\t\t\t\t\t\t<\/div>\n\t\t\t\t\t<\/div>\n\t\t\t\t<\/div>\n\t\t<div class=\"elementor-element elementor-element-3lfi7x32 iwg-steckbrief-card e-flex e-con-boxed e-con e-child\" data-id=\"3lfi7x32\" data-element_type=\"container\" data-e-type=\"container\">\n\t\t\t\t\t<div class=\"e-con-inner\">\n\t\t\t\t<div class=\"elementor-element elementor-element-0kg99ga1 elementor-widget elementor-widget-heading\" data-id=\"0kg99ga1\" data-element_type=\"widget\" data-e-type=\"widget\" data-widget_type=\"heading.default\">\n\t\t\t\t\t<div class=\"elementor-heading-title elementor-size-default\">\u00c9ssers relacionats<\/div>\t\t\t\t<\/div>\n\t\t\t\t<div class=\"elementor-element elementor-element-n0fum6kp elementor-widget elementor-widget-text-editor\" data-id=\"n0fum6kp\" data-element_type=\"widget\" data-e-type=\"widget\" data-widget_type=\"text-editor.default\">\n\t\t\t\t\t\t\t\t\t<p>Successors directes: <a href=\"https:\/\/iwell-guard.com\/ca\/?page_id=171360\">Lilith<\/a> (tradici\u00f3 jueva rab\u00ednica, Edat Mitjana). Relacionats funcionalment: <a href=\"https:\/\/iwell-guard.com\/ca\/?page_id=171350\">Lamia<\/a> i <a href=\"https:\/\/iwell-guard.com\/ca\/?page_id=171349\">Empusa<\/a> (Gr\u00e8cia), <a href=\"https:\/\/iwell-guard.com\/ca\/?page_id=171625\">S\u00facube<\/a> i <a href=\"https:\/\/iwell-guard.com\/ca\/?page_id=171621\">\u00cdncube<\/a> (medieval-cristi\u00e0), <a href=\"https:\/\/iwell-guard.com\/ca\/?page_id=171417\">Y\u016brei<\/a> en la tradici\u00f3 japonesa com a aparicions nocturnes sense rep\u00f2s. Tamb\u00e9 el <a href=\"https:\/\/iwell-guard.com\/ca\/?page_id=171383\">Mahr<\/a> (germ\u00e0nic) i la <a href=\"https:\/\/iwell-guard.com\/ca\/?page_id=171391\">Kikimora<\/a> (eslava) comparteixen el <span class=\"iwg-fachbegriff\" data-tooltip=\"Un element de contingut recurrent en l'art o la narraci\u00f3.\" tabindex=\"0\">motiu<\/span> de l&#8217;intr\u00fas nocturn a l&#8217;habitaci\u00f3 on es dorm.<\/p>\t\t\t\t\t\t\t\t<\/div>\n\t\t\t\t\t<\/div>\n\t\t\t\t<\/div>\n\t\t\t\t<\/div>\n\t\t\t\t<\/div>\n\t\t\t\t\t<\/div>\n\t\t\t\t<\/div>\n\t\t<div class=\"elementor-element elementor-element-7533bc7a e-flex e-con-boxed e-con e-parent\" data-id=\"7533bc7a\" data-element_type=\"container\" data-e-type=\"container\">\n\t\t\t\t\t<div class=\"e-con-inner\">\n\t\t\t\t<div class=\"elementor-element elementor-element-2447d18d elementor-widget elementor-widget-heading\" data-id=\"2447d18d\" data-element_type=\"widget\" data-e-type=\"widget\" data-widget_type=\"heading.default\">\n\t\t\t\t\t<h2 class=\"elementor-heading-title elementor-size-default\">Defensa pr\u00e0ctica<\/h2>\t\t\t\t<\/div>\n\t\t<div class=\"elementor-element elementor-element-d5d0260c e-con-full e-flex e-con e-child\" data-id=\"d5d0260c\" data-element_type=\"container\" data-e-type=\"container\">\n\t\t\t\t<div class=\"elementor-element elementor-element-341be2ac elementor-widget elementor-widget-text-editor\" data-id=\"341be2ac\" data-element_type=\"widget\" data-e-type=\"widget\" data-widget_type=\"text-editor.default\">\n\t\t\t\t\t\t\t\t\t<h3>Rituals de protecci\u00f3<\/h3><p>Les s\u00e8ries d&#8217;exorcismes Maql\u00fb (\u00abCombusti\u00f3\u00bb) i \u0160urpu (\u00abCombusti\u00f3\u00bb) contenen instruccions detallades de <span class=\"iwg-fachbegriff\" data-tooltip=\"Una seq\u00fc\u00e8ncia regulada d'accions simb\u00f2liques amb significat religi\u00f3s o cultural.\" tabindex=\"0\">ritual<\/span> contra Lil\u00fb, Lil\u012btu i ardat-lil\u00ee. T\u00edpica \u00e9s la combinaci\u00f3 de f\u00f3rmules d&#8217;exorcisme recitades oralment amb ofrenes d&#8217;encens (ginebre, fusta de cedre), amulets protectors al llit o damunt la porta, i actes simb\u00f2lics de destrucci\u00f3 (cremar figures d&#8217;argila que representen l&#8217;\u00e9sser). El mateix lloc de descans es protegeix mitjan\u00e7ant cercles protectors i inscripcions apotropaiques.<\/p>\t\t\t\t\t\t\t\t<\/div>\n\t\t\t\t<\/div>\n\t\t\t\t\t<\/div>\n\t\t\t\t<\/div>\n\t\t<div class=\"elementor-element elementor-element-5a584676 e-flex e-con-boxed e-con e-parent\" data-id=\"5a584676\" data-element_type=\"container\" data-e-type=\"container\">\n\t\t\t\t\t<div class=\"e-con-inner\">\n\t\t\t\t<div class=\"elementor-element elementor-element-6d0757bf elementor-widget elementor-widget-heading\" data-id=\"6d0757bf\" data-element_type=\"widget\" data-e-type=\"widget\" data-widget_type=\"heading.default\">\n\t\t\t\t\t<h2 class=\"elementor-heading-title elementor-size-default\">Lilu i Lilitu, paral\u00b7lelismes en altres cultures<\/h2>\t\t\t\t<\/div>\n\t\t<div class=\"elementor-element elementor-element-60563f68 e-con-full e-flex e-con e-child\" data-id=\"60563f68\" data-element_type=\"container\" data-e-type=\"container\">\n\t\t\t\t<div class=\"elementor-element elementor-element-5a93fdd6 elementor-widget elementor-widget-text-editor\" data-id=\"5a93fdd6\" data-element_type=\"widget\" data-e-type=\"widget\" data-widget_type=\"text-editor.default\">\n\t\t\t\t\t\t\t\t\t<p><strong>Tradici\u00f3 jueva:<\/strong> Lilith \u00e9s la successora directa de la Lil\u012btu\/ardat-lil\u00ee acc\u00e0dia. Primera menci\u00f3 a Isa\u00efes 34,14 com a dimoni del desert; desenvolupament al <span class=\"iwg-fachbegriff\" tabindex=\"0\" data-tooltip=\"Obra principal del judaisme rab\u00ednic, en versi\u00f3 babil\u00f2nica i de Jerusalem; cont\u00e9 la Mixn\u00e0 i la Guemar\u00e0.\">Talmud<\/span> babil\u00f2nic (B. Eruvin 100b, Niddah 24b), i finalment de manera exhaustiva en l&#8217;Alfabet de Ben Sira medieval (segle X).<\/p><p>La tradici\u00f3 cabal\u00edstica la converteix en la primera dona d&#8217;Adam, que l&#8217;abandona i des d&#8217;aleshores amena\u00e7a els nadons. Els amulets protectors amb els arc\u00e0ngels Sanvi, Sansanvi i Semangelaf es continuen usant fins a l&#8217;\u00e8poca moderna.<\/p><p><strong>M\u00f3n grecorom\u00e0:<\/strong> Lamia i Empusa recullen el <span class=\"iwg-fachbegriff\" data-tooltip=\"Un element de contingut recurrent en l'art o la narraci\u00f3.\" tabindex=\"0\">motiu<\/span> de la dimoni nocturna. Totes dues s\u00f3n originalment figures individuals, per\u00f2 a l&#8217;<span class=\"iwg-fachbegriff\" data-tooltip=\"\u00c8poca de transici\u00f3 entre l'Antiguitat i l'Edat Mitjana, aproximadament del segle III al VII.\" tabindex=\"0\">Antiguitat tardana<\/span> esdevenen denominacions de g\u00e8nere. L&#8217;Striga romana i la Gello serveixen al mateix complex.<\/p><p><strong>Edat Mitjana i Modernitat:<\/strong> el s\u00facube i l&#8217;\u00edncube esdevenen categories independents de dimonis sexualment actius en la <span class=\"iwg-fachbegriff\" data-tooltip=\"La doctrina cient\u00edfica sobre D\u00e9u i sobre la fe d'una religi\u00f3.\" tabindex=\"0\">teologia<\/span> escol\u00e0stica. Els processos de bruixeria de l&#8217;edat moderna reprenen el complex i el vinculen amb l&#8217;acusaci\u00f3 de comer\u00e7 carnal amb el diable. En la creen\u00e7a popular, el \u00abMahr\u00bb com a esperit opressor es mant\u00e9 viu a l&#8217;\u00e0mbit de parla alemanya fins al segle XIX.<\/p><p><strong>Recepci\u00f3 moderna:<\/strong> la figura de Lilith es redescobreix al segle XX especialment en la <span class=\"iwg-fachbegriff\" data-tooltip=\"La doctrina cient\u00edfica sobre D\u00e9u i sobre la fe d'una religi\u00f3.\" tabindex=\"0\">teologia<\/span> feminista i en la literatura jueva-americana (Lilith Magazine, Judith Plaskow), i es llegeix com a figura contraposada a l&#8217;Eva subordinada. El complex Pazuzu-Lamashtu-Lil\u00fb t\u00e9 una \u00e0mplia recepci\u00f3 popular en la literatura moderna de terror i fantasia.<\/p>\t\t\t\t\t\t\t\t<\/div>\n\t\t\t\t<\/div>\n\t\t\t\t\t<\/div>\n\t\t\t\t<\/div>\n\t\t<div class=\"elementor-element elementor-element-cpd2ae5c9 e-flex e-con-boxed e-con e-parent\" data-id=\"cpd2ae5c9\" data-element_type=\"container\" data-e-type=\"container\">\n\t\t\t\t\t<div class=\"e-con-inner\">\n\t\t\t\t<div class=\"elementor-element elementor-element-cpcb748d7 elementor-widget elementor-widget-heading\" data-id=\"cpcb748d7\" data-element_type=\"widget\" data-e-type=\"widget\" data-widget_type=\"heading.default\">\n\t\t\t\t\t<h2 class=\"elementor-heading-title elementor-size-default\">La s\u00e8rie d'exorcismes Maql\u00fb i el seu lloc en aquesta<\/h2>\t\t\t\t<\/div>\n\t\t<div class=\"elementor-element elementor-element-cp7d03588 e-con-full e-flex e-con e-child\" data-id=\"cp7d03588\" data-element_type=\"container\" data-e-type=\"container\">\n\t\t\t\t<div class=\"elementor-element elementor-element-cp1104060 elementor-widget elementor-widget-text-editor\" data-id=\"cp1104060\" data-element_type=\"widget\" data-e-type=\"widget\" data-widget_type=\"text-editor.default\">\n\t\t\t\t\t\t\t\t\t<p>La font cune\u00efforme m\u00e9s important sobre els dimonis nocturns del tipus <em>lil\u00fb<\/em> i <em>lil\u012btu<\/em> no \u00e9s un <span class=\"iwg-fachbegriff\" data-tooltip=\"Un relat transm\u00e8s sobre d\u00e9us, or\u00edgens i l'ordre del m\u00f3n.\" tabindex=\"0\">mite<\/span> a\u00efllat, sin\u00f3 tot un conjunt de textos rituals.<\/p><p>Especialment fruct\u00edfera \u00e9s la s\u00e8rie d&#8217;exorcismes neoass\u00edria <em>Maql\u00fb<\/em> (\u00abcremar\u00bb), transmesa en nou tauletes m\u00e9s una tauleta ritual, que Tzvi Abusch ha fet accessible en una edici\u00f3 cr\u00edtica. <em>Maql\u00fb<\/em> es dirigeix principalment contra la bruixeria, per\u00f2 esmenta repetidament els \u00e9ssers <em>lil\u00fb<\/em> en enumeracions de poders nocius contra els quals el sacerdot exorcista protegeix el pacient.<\/p><p>A m\u00e9s hi ha la gran s\u00e8rie de textos m\u00e8dic-m\u00e0gics de diagn\u00f2stic. En l&#8217;anomenada s\u00e8rie Sakikk\u00fb i en exorcismes pertinents contra malalties infantils, la <em>lil\u012btu<\/em> apareix com un \u00e9sser que amena\u00e7a nadons i dones acabades de parir.<\/p><p>Estretament relacionada hi ha la figura de l&#8217;<em>ardat lil\u00ee<\/em>, la \u00abdonzella lil\u00fb\u00bb, una dimoni que es pensava que havia mort soltera i sense fills i que per aix\u00f2 envejava els vius all\u00f2 que a ella li va ser negat.<\/p><p>Walter Farber ha editat i comentat els exorcismes de protecci\u00f3 de la mare i el fill, entre ells la s\u00e8rie <em>Lama\u0161tu<\/em>; en aquest entorn tamb\u00e9 se situa la <em>lil\u012btu<\/em>.<\/p><p>Metodol\u00f2gicament \u00e9s important assenyalar que aquests textos no ofereixen una <span class=\"iwg-fachbegriff\" data-tooltip=\"El conjunt de relats transmesos sobre d\u00e9us d'una cultura.\" tabindex=\"0\">mitologia<\/span> narrativa. Descriuen els dimonis de manera funcional, pel seu efecte i per l&#8217;acte de defensa. Per tant, el que sabem sobre l&#8217;aparen\u00e7a, l&#8217;origen i el comportament dels \u00e9ssers <em>lil\u00fb<\/em> prov\u00e9 gaireb\u00e9 \u00edntegrament de contextos rituals, no d&#8217;\u00e8piques divines.<\/p><p>Aquesta situaci\u00f3 de les fonts explica per qu\u00e8 la figura de la <em>lil\u012btu<\/em> es mant\u00e9 imprecisa en les fonts cune\u00efformes, i \u00e9s nom\u00e9s la posterior <span class=\"iwg-fachbegriff\" data-tooltip=\"La transmissi\u00f3 de coneixement i relats al llarg de generacions.\" tabindex=\"0\">tradici\u00f3<\/span> jueva la que la condensa en una figura individual amb nom propi. Qui llegeixi les fonts mesopot\u00e0miques hauria de tenir sempre present la difer\u00e8ncia entre una classe de dimonis i la posterior <a href=\"https:\/\/iwell-guard.com\/ca\/?page_id=171360\">Lilith<\/a> dels textos rab\u00ednics.<\/p>\t\t\t\t\t\t\t\t<\/div>\n\t\t\t\t<\/div>\n\t\t\t\t\t<\/div>\n\t\t\t\t<\/div>\n\t\t<div class=\"elementor-element elementor-element-cp99f2ecb e-flex e-con-boxed e-con e-parent\" data-id=\"cp99f2ecb\" data-element_type=\"container\" data-e-type=\"container\">\n\t\t\t\t\t<div class=\"e-con-inner\">\n\t\t\t\t<div class=\"elementor-element elementor-element-cp445bb03 elementor-widget elementor-widget-heading\" data-id=\"cp445bb03\" data-element_type=\"widget\" data-e-type=\"widget\" data-widget_type=\"heading.default\">\n\t\t\t\t\t<h2 class=\"elementor-heading-title elementor-size-default\">Del col\u00b7lectiu de dimonis a la figura individual: la hist\u00f2ria de la recepci\u00f3<\/h2>\t\t\t\t<\/div>\n\t\t<div class=\"elementor-element elementor-element-cp1cc05d0 e-con-full e-flex e-con e-child\" data-id=\"cp1cc05d0\" data-element_type=\"container\" data-e-type=\"container\">\n\t\t\t\t<div class=\"elementor-element elementor-element-cp774944b elementor-widget elementor-widget-text-editor\" data-id=\"cp774944b\" data-element_type=\"widget\" data-e-type=\"widget\" data-widget_type=\"text-editor.default\">\n\t\t\t\t\t\t\t\t\t<p>El desenvolupament des Lil\u00fb mesopot\u00e0mics com a classe demon\u00edaca fins a la figura jueva individual pot resseguir-se en etapes. En les fonts babil\u00f2niques del segon i primer mil\u00b7lenni aC, <em>lil\u00fb<\/em>, <em>lil\u012btu<\/em> i <em>ardat lil\u00ee<\/em> s\u00f3n tres \u00e9ssers relacionats, per\u00f2 no id\u00e8ntics, sense biografia pr\u00f2pia.<\/p><p>El testimoni b\u00edblic d&#8217;Isa\u00efes 34,14, on el mot <em>l\u012bl\u012bt<\/em> apareix entre els animals del desert i les figures de desolaci\u00f3 a l&#8217;Edom devastat, \u00e9s una menci\u00f3 a\u00efllada; les traduccions oscil\u00b7len entre \u00abesperit nocturn\u00bb, \u00abLilith\u00bb i noms concrets d&#8217;animals, la qual cosa mostra b\u00e9 la incertesa de la recerca.<\/p><p>No \u00e9s fins a la literatura rab\u00ednica i les anelles m\u00e0giques aramees de la Mesopot\u00e0mia tardoantiga que la figura pren forma. Les anelles, de les quals se n&#8217;han publicat diversos centenars i que van ser estudiades entre altres per Joseph Naveh i Shaul Shaked, i m\u00e9s tard per Dan Levene i Christa M\u00fcller-Kessler, esmenten Lilith com una amena\u00e7a per al matrimoni, l&#8217;embar\u00e0s i els nadons.<\/p><p>Aqu\u00ed ja \u00e9s una for\u00e7a invocable, exorcitzable amb el seu nom, sovint pensada en plural com tota una fam\u00edlia de Lilin.<\/p><p>L&#8217;etapa medieval ve marcada per l&#8217;<em>Alfabet de Ben Sira<\/em>, un text pseudoepigr\u00e0fic que introdueix Lilith com la primera dona d&#8217;Adam, que es nega a sotmetre&#8217;s. Aquest text, la dataci\u00f3 i el car\u00e0cter del qual (si era seri\u00f3s o sat\u00edric) segueixen sent discutits avui dia, va proporcionar l&#8217;estructura narrativa en qu\u00e8 es van basar posteriorment la <span class=\"iwg-fachbegriff\" data-tooltip=\"Corrent del misticisme jueu amb obres principals com el Sefer Ietsir\u00e0 i el Zohar.\" tabindex=\"0\">Cabala<\/span> i la recepci\u00f3 moderna.<\/p><p>D&#8217;aqu\u00ed parteix una llarga l\u00ednia que travessa el Romanticisme fins a la reapropiaci\u00f3 feminista del segle XX. Per a una comprensi\u00f3 des de la ci\u00e8ncia de les religions \u00e9s essencial distingir aquestes capes: els \u00e9ssers <em>lil\u00fb<\/em> mesopot\u00e0mics s\u00f3n el punt de partida, no la imatge acabada.<\/p>\t\t\t\t\t\t\t\t<\/div>\n\t\t\t\t<\/div>\n\t\t\t\t\t<\/div>\n\t\t\t\t<\/div>\n\t\t<div class=\"elementor-element elementor-element-cp0b18833 e-flex e-con-boxed e-con e-parent\" data-id=\"cp0b18833\" data-element_type=\"container\" data-e-type=\"container\">\n\t\t\t\t\t<div class=\"e-con-inner\">\n\t\t\t\t<div class=\"elementor-element elementor-element-cp3c8c54d elementor-widget elementor-widget-heading\" data-id=\"cp3c8c54d\" data-element_type=\"widget\" data-e-type=\"widget\" data-widget_type=\"heading.default\">\n\t\t\t\t\t<h2 class=\"elementor-heading-title elementor-size-default\">Etimologia i la relaci\u00f3 amb el vent<\/h2>\t\t\t\t<\/div>\n\t\t<div class=\"elementor-element elementor-element-cpbfc23ab e-con-full e-flex e-con e-child\" data-id=\"cpbfc23ab\" data-element_type=\"container\" data-e-type=\"container\">\n\t\t\t\t<div class=\"elementor-element elementor-element-cp6b5dd10 elementor-widget elementor-widget-text-editor\" data-id=\"cp6b5dd10\" data-element_type=\"widget\" data-e-type=\"widget\" data-widget_type=\"text-editor.default\">\n\t\t\t\t\t\t\t\t\t<p>La interpretaci\u00f3 etimol\u00f2gica popular m\u00e9s antiga derivava <em>lil\u012btu<\/em> de l&#8217;hebreu <em>laylah<\/em> (\u00abnit\u00bb) i veia en aquests \u00e9ssers dimonis purament nocturns. Aquesta explicaci\u00f3 no \u00e9s ling\u00fc\u00edsticament sostenible, encara que ha marcat fortament la posterior imatge que se n&#8217;ha fet.<\/p><p>La derivaci\u00f3 avui majorit\u00e0riament acceptada en l&#8217;assiriologia relaciona <em>lil\u00fb<\/em> amb el sumeri <em>lil<\/em>, un terme del camp sem\u00e0ntic \u00abvent\u00bb, \u00abaire\u00bb, \u00abal\u00e8\u00bb, \u00abtempesta\u00bb. Els \u00e9ssers <em>lil\u00fb<\/em> serien, doncs, origin\u00e0riament dimonis del vent i de la tempesta, forces incorp\u00f2ries que es desplacen per l&#8217;aire.<\/p><p>Aquesta etimologia s&#8217;ajusta a diversos trets de la <span class=\"iwg-fachbegriff\" data-tooltip=\"La transmissi\u00f3 de coneixements i relats al llarg de generacions.\" tabindex=\"0\">tradici\u00f3<\/span>. Els <em>lil\u00fb<\/em> es consideren inquiets, sense lloc fix, penetren per finestres i escletxes, no tenen parella humana ni descend\u00e8ncia en el sentit habitual.<\/p><p>El vent com a imatge de l&#8217;erran\u00e7a, la inestabilitat i l&#8217;inaprehensible sembla evident. La posterior associaci\u00f3 amb la \u00abnit\u00bb seria llavors una reinterpretaci\u00f3 secund\u00e0ria, afavorida per la semblan\u00e7a fon\u00e8tica i pel fet que molts d&#8217;aquests dimonis eren imaginats com a criatures nocturnes.<\/p><p>La recerca continua discutint la proximitat de la relaci\u00f3 amb la <span class=\"iwg-fachbegriff\" data-tooltip=\"Un \u00e9sser venerat com a div\u00ed dins d'una religi\u00f3.\" tabindex=\"0\">divinitat<\/span> sum\u00e8ria Enlil, el nom de la qual cont\u00e9 el mateix element <em>lil<\/em>, sense que aix\u00f2 impliqui necess\u00e0riament un parentiu directe. Nom\u00e9s \u00e9s segur que aquest camp sem\u00e0ntic \u00e9s antic i es remunta a les capes m\u00e9s profundes de la llengua sum\u00e8ria.<\/p><p>Per a la hist\u00f2ria del nom, aix\u00f2 significa que aquest porta amb si una idea m\u00e9s antiga que qualsevol figura narrada. Abans que la <em>lil\u012btu<\/em> tingu\u00e9s un rostre, era un al\u00e8.<\/p>\t\t\t\t\t\t\t\t<\/div>\n\t\t\t\t<\/div>\n\t\t\t\t\t<\/div>\n\t\t\t\t<\/div>\n\t\t<div class=\"elementor-element elementor-element-cp474329a e-flex e-con-boxed e-con e-parent\" data-id=\"cp474329a\" data-element_type=\"container\" data-e-type=\"container\">\n\t\t\t\t\t<div class=\"e-con-inner\">\n\t\t\t\t<div class=\"elementor-element elementor-element-cpa117c08 elementor-widget elementor-widget-heading\" data-id=\"cpa117c08\" data-element_type=\"widget\" data-e-type=\"widget\" data-widget_type=\"heading.default\">\n\t\t\t\t\t<h2 class=\"elementor-heading-title elementor-size-default\">L'ardat lil\u00ee i la l\u00f2gica de la vida no realitzada<\/h2>\t\t\t\t<\/div>\n\t\t<div class=\"elementor-element elementor-element-cp73b3a75 e-con-full e-flex e-con e-child\" data-id=\"cp73b3a75\" data-element_type=\"container\" data-e-type=\"container\">\n\t\t\t\t<div class=\"elementor-element elementor-element-cp20036d2 elementor-widget elementor-widget-text-editor\" data-id=\"cp20036d2\" data-element_type=\"widget\" data-e-type=\"widget\" data-widget_type=\"text-editor.default\">\n\t\t\t\t\t\t\t\t\t<p>Entre els tres \u00e9ssers relacionats, l&#8217;<em>ardat lil\u00ee<\/em> mereix una atenci\u00f3 especial perqu\u00e8 en ella es fa visible la l\u00f2gica interna de tot el grup de dimonis. En accadi, <em>ardatu<\/em> designa la jove en edat de casar-se que encara no ha estat mare.<\/p><p>L&#8217;<em>ardat lil\u00ee<\/em> \u00e9s la demonitzaci\u00f3 precisament d&#8217;aquest estat quan no arriba a completar-se: una noia que va morir abans del matrimoni i la maternitat, o que mai no va trobar marit.<\/p><p>Els textos d&#8217;exorcisme la descriuen com un \u00e9sser al qual li van ser negades les experi\u00e8ncies vitals femenines normals. No t\u00e9 pits que donin llet, no coneix cap marit, mai va ser desflorada.<\/p><p>D&#8217;aquesta mancan\u00e7a es nodreix la seva perillositat: de nit visita joves per recuperar en ells all\u00f2 que li va faltar a la vida, i alhora amena\u00e7a les dones embarassades i les pu\u00e8rperes, que van tenir la vida plena que ella mateixa no va tenir. L&#8217;enveja de la vida reeixida \u00e9s el <span class=\"iwg-fachbegriff\" data-tooltip=\"Un element tem\u00e0tic recurrent en l'art o la narrativa.\" tabindex=\"0\">motiu<\/span> impulsor.<\/p><p>Aquesta construcci\u00f3 resulta reveladora des del punt de vista de la ci\u00e8ncia de les religions, perqu\u00e8 mostra com una societat tradueix les seves pr\u00f2pies fractures socials en dimonis.<\/p><p>La mort prematura d&#8217;una jove, la infertilitat, la felicitat matrimonial negada o no assolida: eren pors reals, i la creen\u00e7a en l&#8217;<em>ardat lil\u00ee<\/em> els va donar una forma manejable. Es podia fer un <span class=\"iwg-fachbegriff\" data-tooltip=\"Una seq\u00fc\u00e8ncia regulada d'accions simb\u00f2liques amb significat religi\u00f3s o cultural.\" tabindex=\"0\">ritual<\/span> contra el <span class=\"iwg-fachbegriff\" data-tooltip=\"\u00c9sser espiritual al qual s'atribueix un efecte nociu o ambivalent.\" tabindex=\"0\">dimoni<\/span>, mentre que davant el dest\u00ed social mateix hom era impotent.<\/p><p>Aquesta mateixa l\u00f2gica sustenta la posterior idea de Lilith, que va transmetre durant segles el <span class=\"iwg-fachbegriff\" data-tooltip=\"Un element tem\u00e0tic recurrent en l'art o la narrativa.\" tabindex=\"0\">motiu<\/span> de la dona morta o rebutjada que es venja en els infants. Mecanismes similars es troben en la figura de <a href=\"https:\/\/iwell-guard.com\/ca\/?page_id=171336\">Lama\u0161tu<\/a>, que tamb\u00e9 amena\u00e7a mare i fill, per\u00f2 all\u00e0 com a for\u00e7a nascuda de d\u00e9us i no com a humana fracassada.<\/p>\t\t\t\t\t\t\t\t<\/div>\n\t\t\t\t<\/div>\n\t\t\t\t\t<\/div>\n\t\t\t\t<\/div>\n\t\t<div class=\"elementor-element elementor-element-36dd7469 e-flex e-con-boxed e-con e-parent\" data-id=\"36dd7469\" data-element_type=\"container\" data-e-type=\"container\">\n\t\t\t\t\t<div class=\"e-con-inner\">\n\t\t\t\t<div class=\"elementor-element elementor-element-13760ab4 elementor-widget elementor-widget-heading\" data-id=\"13760ab4\" data-element_type=\"widget\" data-e-type=\"widget\" data-widget_type=\"heading.default\">\n\t\t\t\t\t<h2 class=\"elementor-heading-title elementor-size-default\">Enlla\u00e7os relacionats<\/h2>\t\t\t\t<\/div>\n\t\t<div class=\"elementor-element elementor-element-28c87796 e-con-full e-flex e-con e-child\" data-id=\"28c87796\" data-element_type=\"container\" data-e-type=\"container\">\n\t\t\t\t<div class=\"elementor-element elementor-element-5d6538df elementor-widget elementor-widget-text-editor\" data-id=\"5d6538df\" data-element_type=\"widget\" data-e-type=\"widget\" data-widget_type=\"text-editor.default\">\n\t\t\t\t\t\t\t\t\t<p>Enlla\u00e7os interns recomanats per a aquesta p\u00e0gina:<\/p><ul><li><a href=\"https:\/\/iwell-guard.com\/ca\/?page_id=171334\">Mesopot\u00e0mia<\/a> (p\u00e0gina cultural superior)<\/li><li>Aviat detall sobre Lilu i Lilitu<\/li><li>Aviat detall sobre Lilu i Lilitu<\/li><li><a href=\"https:\/\/iwell-guard.com\/ca\/?page_id=171360\">Lilith<\/a> (successora jueva posterior)<\/li><li><a href=\"https:\/\/iwell-guard.com\/ca\/?page_id=171498\">\u00c9ssers nocturns<\/a> i <a class=\"iwg-fachbegriff\" href=\"https:\/\/iwell-guard.com\/ca\/?page_id=171640\" tabindex=\"0\" data-tooltip=\"Estat de vig\u00edlia amb atonia muscular REM; interpretat arreu del m\u00f3n com a experi\u00e8ncia espectral (Mahr, Old Hag, Kanashibari), explicable neurol\u00f2gicament.\" style=\"color:inherit;text-decoration:none\">Par\u00e0lisi del son<\/a> (interpretaci\u00f3 moderna)<\/li><li>Dimonis femenins (p\u00e0gina de conjunt)<\/li><li><a href=\"https:\/\/iwell-guard.com\/ca\/?page_id=171621\">Incube<\/a> i <a href=\"https:\/\/iwell-guard.com\/ca\/?page_id=171625\">S\u00facube<\/a> (paral\u00b7lels cristians medievals)<\/li><\/ul>\t\t\t\t\t\t\t\t<\/div>\n\t\t\t\t<\/div>\n\t\t\t\t\t<\/div>\n\t\t\t\t<\/div>\n\t\t<div class=\"elementor-element elementor-element-grl4kl40 e-flex e-con-boxed e-con e-parent\" data-id=\"grl4kl40\" data-element_type=\"container\" data-e-type=\"container\">\n\t\t\t\t\t<div class=\"e-con-inner\">\n\t\t\t\t<div class=\"elementor-element elementor-element-bzsbfrmh elementor-widget elementor-widget-heading\" data-id=\"bzsbfrmh\" data-element_type=\"widget\" data-e-type=\"widget\" data-widget_type=\"heading.default\">\n\t\t\t\t\t<h2 class=\"elementor-heading-title elementor-size-default\">Fonts i bibliografia<\/h2>\t\t\t\t<\/div>\n\t\t<div class=\"elementor-element elementor-element-2c13224a e-con-full e-flex e-con e-child\" data-id=\"2c13224a\" data-element_type=\"container\" data-e-type=\"container\">\n\t\t\t\t<div class=\"elementor-element elementor-element-0eymh9ub elementor-widget elementor-widget-text-editor\" data-id=\"0eymh9ub\" data-element_type=\"widget\" data-e-type=\"widget\" data-widget_type=\"text-editor.default\">\n\t\t\t\t\t\t\t\t\t<p>Una selecci\u00f3 compacta d&#8217;obres centrals sobre Lil\u00fb, Lil\u012btu i el context m\u00e9s ampli dels dimonis nocturns:<\/p><div data-nosnippet=\"true\"><ul><li><span data-nosnippet>Wiggermann, Frans A. M.: <em><a href=\"https:\/\/archive.org\/details\/mesopotamian-protective-spirits\" target=\"_blank\" rel=\"noopener noreferrer\">Mesopotamian Protective Spirits. The Ritual Texts<\/a><\/em> (Cuneiform Monographs 1). Groningen 1992.<\/span><\/li><li><span data-nosnippet>Hutter, Manfred: \u00abLilith\u00bb, dins: <em>Dictionary of Deities and Demons in the Bible.<\/em> 2a ed. Leiden 1999.<\/span><\/li><li><span data-nosnippet>Naveh, Joseph \/ Shaked, Shaul: <em>Amulets and Magic Bowls. Aramaic Incantations of Late Antiquity.<\/em> Jerusalem 1985.<\/span><\/li><li><span data-nosnippet>Black, Jeremy \/ Green, Anthony: <em><a href=\"https:\/\/www.britishmuseum.org\/collection\/term\/BIB4117\" target=\"_blank\" rel=\"noopener noreferrer\">Gods, Demons and Symbols of Ancient Mesopotamia. An Illustrated Dictionary.<\/a><\/em> Londres 1992.<\/span><\/li><li><span data-nosnippet>Stol, Marten: <em>Birth in Babylonia and the Bible.<\/em> Groningen 2000.<\/span><\/li><\/ul><\/div>\t\t\t\t\t\t\t\t<\/div>\n\t\t\t\t<\/div>\n\t\t\t\t\t<\/div>\n\t\t\t\t<\/div>\n\t\t<div class=\"elementor-element elementor-element-iwgca-liluund-sec e-flex e-con-boxed e-con e-parent\" data-id=\"iwgca-liluund-sec\" data-element_type=\"container\" data-e-type=\"container\" id=\"iwg-ca-lilu-und-lilitu\">\n\t\t\t\t\t<div class=\"e-con-inner\">\n\t\t\t\t<div class=\"elementor-element elementor-element-iwgca-liluund-te iwg-ca-textwrap elementor-widget elementor-widget-text-editor\" data-id=\"iwgca-liluund-te\" data-element_type=\"widget\" data-e-type=\"widget\" data-widget_type=\"text-editor.default\">\n\t\t\t\t\t\t\t\t\t<div data-nosnippet=\"true\"><p class=\"iwg-ca-bridge\">La pr\u00e0ctica de protecci\u00f3 descrita aqu\u00ed \u00e9s una interpretaci\u00f3 cient\u00edfica de tradicions hist\u00f2riques. iWell Guard s&#8217;inscriu en aquesta l\u00ednia cultural d&#8217;objectes de protecci\u00f3 portables i en representa una forma contempor\u00e0nia. <a href=\"\/ueber-iwell-guard\/?utm_source=iwell-guard.com&#038;utm_medium=text-link&#038;utm_campaign=schadwesen-tradition\">M\u00e9s sobre iWell Guard \u2192<\/a><\/p><\/div>\t\t\t\t\t\t\t\t<\/div>\n\t\t\t\t\t<\/div>\n\t\t\t\t<\/div>\n\t\t<div class=\"elementor-element elementor-element-iwgkw2-add-liluundlilitu e-flex e-con-boxed e-con e-parent\" data-id=\"iwgkw2-add-liluundlilitu\" data-element_type=\"container\" data-e-type=\"container\">\n\t\t\t\t\t<div class=\"e-con-inner\">\n\t\t\t\t<div class=\"elementor-element elementor-element-iwgkw2-add-liluundlilitu-t elementor-widget elementor-widget-text-editor\" data-id=\"iwgkw2-add-liluundlilitu-t\" data-element_type=\"widget\" data-e-type=\"widget\" data-widget_type=\"text-editor.default\">\n\t\t\t\t\t\t\t\t\t<p>Lil\u00fb i Lil\u012btu es troben entre les figures documentades m\u00e9s antigues de la demonologia <strong>mesopot\u00e0mica<\/strong> amb nom propi, i estan atestades en encanteris accadis des del segon mil\u00b7lenni abans de la nostra era.<\/p>\t\t\t\t\t\t\t\t<\/div>\n\t\t\t\t\t<\/div>\n\t\t\t\t<\/div>\n\t\t\t\t<\/div>\n\t\t","protected":false},"excerpt":{"rendered":"","protected":false},"author":3,"featured_media":1710,"parent":0,"menu_order":0,"comment_status":"closed","ping_status":"closed","template":"elementor_header_footer","meta":{"_yoast_wpseo_focuskw":"Lil\u00fb i Lil\u012btu","_yoast_wpseo_title":"Lil\u00fb i Lil\u012btu \u2013 dimonis mesopot\u00e0mics","_yoast_wpseo_metadesc":"Lil\u00fb i Lil\u012btu formen en la demonologia mesopot\u00e0mica un grup d'\u00e9ssers nocturns dif\u00edcils de definir: parella ac\u00e0dia del vent, la nit i la seducci\u00f3.","_yoast_wpseo_meta-robots-noindex":"","_yoast_wpseo_canonical":"","_angie_page":false,"gefaehrdungsstufe":"3","wesen_kultur":"mesopotamien","wesen_klasse":"daemonen","footnotes":""},"categories":[],"class_list":["post-171337","page","type-page","status-publish","has-post-thumbnail","hentry"],"yoast_head":"<!-- This site is optimized with the Yoast SEO Premium plugin v27.7 (Yoast SEO v28.3) - https:\/\/yoast.com\/product\/yoast-seo-premium-wordpress\/ -->\n<title>Lil\u00fb i Lil\u012btu \u2013 dimonis mesopot\u00e0mics<\/title>\n<meta name=\"description\" content=\"Lil\u00fb i Lil\u012btu formen en la demonologia mesopot\u00e0mica un grup d&#039;\u00e9ssers nocturns dif\u00edcils de definir: parella ac\u00e0dia del vent, la nit i la seducci\u00f3.\" \/>\n<meta name=\"robots\" content=\"index, follow, max-snippet:-1, max-image-preview:large, max-video-preview:-1\" \/>\n<link rel=\"canonical\" href=\"https:\/\/iwell-guard.com\/ca\/lilu-i-lilitu\/\" \/>\n<meta property=\"og:locale\" content=\"ca_ES\" \/>\n<meta property=\"og:type\" content=\"article\" \/>\n<meta property=\"og:title\" content=\"Lil\u00fb i Lil\u012btu\" \/>\n<meta property=\"og:description\" content=\"Lil\u00fb i Lil\u012btu formen en la demonologia mesopot\u00e0mica un grup d&#039;\u00e9ssers nocturns dif\u00edcils de definir: parella ac\u00e0dia del vent, la nit i la seducci\u00f3.\" \/>\n<meta property=\"og:url\" content=\"https:\/\/iwell-guard.com\/ca\/lilu-i-lilitu\/\" \/>\n<meta property=\"og:site_name\" content=\"iWell Guard\" \/>\n<meta property=\"article:modified_time\" content=\"2026-09-05T15:54:09+00:00\" \/>\n<meta property=\"og:image\" content=\"https:\/\/iwell-guard.com\/wp-content\/uploads\/2026\/04\/daemonen_mesopotamien_lilu-und-lilitu-1.webp\" \/>\n\t<meta property=\"og:image:width\" content=\"1024\" \/>\n\t<meta property=\"og:image:height\" content=\"1536\" \/>\n\t<meta property=\"og:image:type\" content=\"image\/webp\" \/>\n<meta name=\"twitter:card\" content=\"summary_large_image\" \/>\n<script type=\"application\/ld+json\" class=\"yoast-schema-graph\">{\"@context\":\"https:\\\/\\\/schema.org\",\"@graph\":[{\"@type\":\"WebPage\",\"@id\":\"https:\\\/\\\/iwell-guard.com\\\/ca\\\/lilu-i-lilitu\\\/\",\"url\":\"https:\\\/\\\/iwell-guard.com\\\/ca\\\/lilu-i-lilitu\\\/\",\"name\":\"Lil\u00fb i Lil\u012btu \u2013 dimonis mesopot\u00e0mics\",\"isPartOf\":{\"@id\":\"https:\\\/\\\/iwell-guard.com\\\/ca\\\/#website\"},\"primaryImageOfPage\":{\"@id\":\"https:\\\/\\\/iwell-guard.com\\\/ca\\\/lilu-i-lilitu\\\/#primaryimage\"},\"image\":{\"@id\":\"https:\\\/\\\/iwell-guard.com\\\/ca\\\/lilu-i-lilitu\\\/#primaryimage\"},\"thumbnailUrl\":\"https:\\\/\\\/iwell-guard.com\\\/wp-content\\\/uploads\\\/2026\\\/04\\\/daemonen_mesopotamien_lilu-und-lilitu-1.webp\",\"datePublished\":\"2026-09-05T15:38:33+00:00\",\"dateModified\":\"2026-09-05T15:54:09+00:00\",\"description\":\"Lil\u00fb i Lil\u012btu formen en la demonologia mesopot\u00e0mica un grup d'\u00e9ssers nocturns dif\u00edcils de definir: parella ac\u00e0dia del vent, la nit i la seducci\u00f3.\",\"breadcrumb\":{\"@id\":\"https:\\\/\\\/iwell-guard.com\\\/ca\\\/lilu-i-lilitu\\\/#breadcrumb\"},\"inLanguage\":\"ca\",\"potentialAction\":[{\"@type\":\"ReadAction\",\"target\":[\"https:\\\/\\\/iwell-guard.com\\\/ca\\\/lilu-i-lilitu\\\/\"]}]},{\"@type\":\"ImageObject\",\"inLanguage\":\"ca\",\"@id\":\"https:\\\/\\\/iwell-guard.com\\\/ca\\\/lilu-i-lilitu\\\/#primaryimage\",\"url\":\"https:\\\/\\\/iwell-guard.com\\\/wp-content\\\/uploads\\\/2026\\\/04\\\/daemonen_mesopotamien_lilu-und-lilitu-1.webp\",\"contentUrl\":\"https:\\\/\\\/iwell-guard.com\\\/wp-content\\\/uploads\\\/2026\\\/04\\\/daemonen_mesopotamien_lilu-und-lilitu-1.webp\",\"width\":1024,\"height\":1536,\"caption\":\"Dimonis de la tradici\u00f3 mesopot\u00e0mica.\"},{\"@type\":\"BreadcrumbList\",\"@id\":\"https:\\\/\\\/iwell-guard.com\\\/ca\\\/lilu-i-lilitu\\\/#breadcrumb\",\"itemListElement\":[{\"@type\":\"ListItem\",\"position\":1,\"name\":\"Start\",\"item\":\"https:\\\/\\\/iwell-guard.com\\\/ca\\\/?page_id=171333\"},{\"@type\":\"ListItem\",\"position\":2,\"name\":\"Lil\u00fb i Lil\u012btu\"}]},{\"@type\":\"WebSite\",\"@id\":\"https:\\\/\\\/iwell-guard.com\\\/ca\\\/#website\",\"url\":\"https:\\\/\\\/iwell-guard.com\\\/ca\\\/\",\"name\":\"iWell Guard\",\"description\":\"Schutz vor dunklen Einfl\u00fcssen\",\"publisher\":{\"@id\":\"https:\\\/\\\/iwell-guard.com\\\/ca\\\/#organization\"},\"potentialAction\":[{\"@type\":\"SearchAction\",\"target\":{\"@type\":\"EntryPoint\",\"urlTemplate\":\"https:\\\/\\\/iwell-guard.com\\\/ca\\\/?s={search_term_string}\"},\"query-input\":{\"@type\":\"PropertyValueSpecification\",\"valueRequired\":true,\"valueName\":\"search_term_string\"}}],\"inLanguage\":\"ca\"},{\"@type\":\"Organization\",\"@id\":\"https:\\\/\\\/iwell-guard.com\\\/ca\\\/#organization\",\"name\":\"Ittermann electronic GmbH\",\"url\":\"https:\\\/\\\/iwell-guard.com\\\/ca\\\/\",\"logo\":{\"@type\":\"ImageObject\",\"inLanguage\":\"ca\",\"@id\":\"https:\\\/\\\/iwell-guard.com\\\/ca\\\/#\\\/schema\\\/logo\\\/image\\\/\",\"url\":\"https:\\\/\\\/iwell-guard.com\\\/wp-content\\\/uploads\\\/2026\\\/05\\\/Ittermann-Logo-1182x237-1.png\",\"contentUrl\":\"https:\\\/\\\/iwell-guard.com\\\/wp-content\\\/uploads\\\/2026\\\/05\\\/Ittermann-Logo-1182x237-1.png\",\"width\":1182,\"height\":237,\"caption\":\"Ittermann electronic GmbH\"},\"image\":{\"@id\":\"https:\\\/\\\/iwell-guard.com\\\/ca\\\/#\\\/schema\\\/logo\\\/image\\\/\"},\"sameAs\":[\"https:\\\/\\\/pantip.com\\\/profile\\\/9367242\",\"https:\\\/\\\/micro.blog\\\/iwellguard\",\"https:\\\/\\\/www.diggerslist.com\\\/iwellguard\\\/about\",\"https:\\\/\\\/skitterphoto.com\\\/photographers\\\/2870314\\\/iwell-guard\",\"https:\\\/\\\/iwellguard.wordpress.com\\\/2026\\\/06\\\/06\\\/iwell-guard\\\/\",\"https:\\\/\\\/hub.docker.com\\\/u\\\/iwellguard\",\"https:\\\/\\\/www.pinterest.com\\\/iwellguard\\\/\",\"https:\\\/\\\/bit.ly\\\/m\\\/iwellguard\",\"https:\\\/\\\/entre-vos-mains.alsace.eu\\\/profiles\\\/iwellguard\\\/activity\",\"https:\\\/\\\/gravatar.com\\\/reallybeded8fd34\",\"https:\\\/\\\/naijamatta.com\\\/iwellguard\",\"https:\\\/\\\/www.goodreads.com\\\/iwellguard\",\"https:\\\/\\\/profile.hatena.ne.jp\\\/iwellguard\\\/\",\"https:\\\/\\\/experiment.com\\\/users\\\/iwellguard\",\"https:\\\/\\\/wakelet.com\\\/@iWellGuard82270\",\"https:\\\/\\\/www.chordie.com\\\/forum\\\/profile.php?id=2555664\",\"https:\\\/\\\/www.instapaper.com\\\/p\\\/17757966\",\"https:\\\/\\\/www.mapleprimes.com\\\/users\\\/iwellguard\",\"https:\\\/\\\/businesslistingplus.com\\\/profile\\\/iwell-guard\\\/\",\"https:\\\/\\\/telegra.ph\\\/iWell-Guard-06-06\",\"https:\\\/\\\/pbase.com\\\/iwellguard\\\/iwellguard\",\"https:\\\/\\\/b.hatena.ne.jp\\\/iwellguard\\\/20260607#bookmark-4788405196491818882\",\"https:\\\/\\\/fliphtml5.com\\\/home\\\/iwellguard\",\"https:\\\/\\\/anyflip.com\\\/homepage\\\/cmiwl#About\",\"https:\\\/\\\/transfur.com\\\/Users\\\/iwellguard\",\"http:\\\/\\\/delphi.larsbo.org\\\/user\\\/iwellguard\",\"https:\\\/\\\/jobs.lajobsportal.org\\\/profiles\\\/8380803-iwell-guard\",\"https:\\\/\\\/md.chaosdorf.de\\\/s\\\/jfbe5SBdJD\",\"https:\\\/\\\/www.lingvolive.com\\\/en-us\\\/profile\\\/9ecaeaca-ce11-4e51-9e71-01d55e2bff36\\\/translations\",\"https:\\\/\\\/www.fitday.com\\\/fitness\\\/forums\\\/members\\\/iwellguard.html\",\"https:\\\/\\\/www.mymeetbook.com\\\/iwellguard\",\"https:\\\/\\\/pxhere.com\\\/en\\\/photographer-me\\\/5040798\",\"https:\\\/\\\/disqus.com\\\/by\\\/iwellguard\\\/about\\\/\",\"https:\\\/\\\/pastelink.net\\\/hjwciqwq\",\"https:\\\/\\\/pubhtml5.com\\\/homepage\\\/scjhn\\\/\",\"https:\\\/\\\/www.bitchute.com\\\/channel\\\/2O2eOKzNqujT\",\"https:\\\/\\\/audiomack.com\\\/iwellguard\"]},{\"@type\":\"Article\",\"@id\":\"https:\\\/\\\/iwell-guard.com\\\/ca\\\/lilu-i-lilitu\\\/#article\",\"isPartOf\":{\"@id\":\"https:\\\/\\\/iwell-guard.com\\\/ca\\\/lilu-i-lilitu\\\/\"},\"author\":{\"name\":\"Ralf Ittermann\",\"@id\":\"https:\\\/\\\/iwell-guard.com\\\/ca\\\/#\\\/schema\\\/person\\\/ee2a27f1cac3406c7c6fb5820cb7349f\"},\"headline\":\"Lil\u00fb i Lil\u012btu\",\"datePublished\":\"2026-09-05T15:38:33+00:00\",\"dateModified\":\"2026-09-05T15:54:09+00:00\",\"mainEntityOfPage\":{\"@id\":\"https:\\\/\\\/iwell-guard.com\\\/ca\\\/lilu-i-lilitu\\\/\"},\"publisher\":{\"@id\":\"https:\\\/\\\/iwell-guard.com\\\/ca\\\/#organization\"},\"image\":{\"@id\":\"https:\\\/\\\/iwell-guard.com\\\/ca\\\/lilu-i-lilitu\\\/#primaryimage\"},\"thumbnailUrl\":\"https:\\\/\\\/iwell-guard.com\\\/wp-content\\\/uploads\\\/2026\\\/04\\\/daemonen_mesopotamien_lilu-und-lilitu-1.webp\",\"inLanguage\":\"ca\",\"description\":\"Lil\u00fb i Lil\u012btu formen en la demonologia mesopot\u00e0mica un grup d'\u00e9ssers nocturns dif\u00edcils de definir: parella ac\u00e0dia del vent, la nit i la seducci\u00f3.\"}]}<\/script>\n<!-- \/ Yoast SEO Premium plugin. -->","yoast_head_json":{"title":"Lil\u00fb i Lil\u012btu \u2013 dimonis mesopot\u00e0mics","description":"Lil\u00fb i Lil\u012btu formen en la demonologia mesopot\u00e0mica un grup d'\u00e9ssers nocturns dif\u00edcils de definir: parella ac\u00e0dia del vent, la nit i la seducci\u00f3.","robots":{"index":"index","follow":"follow","max-snippet":"max-snippet:-1","max-image-preview":"max-image-preview:large","max-video-preview":"max-video-preview:-1"},"canonical":"https:\/\/iwell-guard.com\/ca\/lilu-i-lilitu\/","og_locale":"ca_ES","og_type":"article","og_title":"Lil\u00fb i Lil\u012btu","og_description":"Lil\u00fb i Lil\u012btu formen en la demonologia mesopot\u00e0mica un grup d'\u00e9ssers nocturns dif\u00edcils de definir: parella ac\u00e0dia del vent, la nit i la seducci\u00f3.","og_url":"https:\/\/iwell-guard.com\/ca\/lilu-i-lilitu\/","og_site_name":"iWell Guard","article_modified_time":"2026-09-05T15:54:09+00:00","og_image":[{"width":1024,"height":1536,"url":"https:\/\/iwell-guard.com\/wp-content\/uploads\/2026\/04\/daemonen_mesopotamien_lilu-und-lilitu-1.webp","type":"image\/webp"}],"twitter_card":"summary_large_image","schema":{"@context":"https:\/\/schema.org","@graph":[{"@type":"Article","@id":"https:\/\/iwell-guard.com\/ca\/lilu-i-lilitu\/#article","isPartOf":{"@id":"https:\/\/iwell-guard.com\/ca\/lilu-i-lilitu\/"},"author":{"name":"Ralf Ittermann","@id":"https:\/\/iwell-guard.com\/ca\/#\/schema\/person\/ee2a27f1cac3406c7c6fb5820cb7349f"},"headline":"Lil\u00fb i Lil\u012btu","datePublished":"2026-09-05T15:38:33+00:00","dateModified":"2026-09-05T15:54:09+00:00","mainEntityOfPage":{"@id":"https:\/\/iwell-guard.com\/ca\/lilu-i-lilitu\/"},"publisher":{"@id":"https:\/\/iwell-guard.com\/ca\/#organization"},"image":{"@id":"https:\/\/iwell-guard.com\/ca\/lilu-i-lilitu\/#primaryimage"},"thumbnailUrl":"https:\/\/iwell-guard.com\/wp-content\/uploads\/2026\/04\/daemonen_mesopotamien_lilu-und-lilitu-1.webp","inLanguage":"ca","description":"Lil\u00fb i Lil\u012btu formen en la demonologia mesopot\u00e0mica un grup d'\u00e9ssers nocturns dif\u00edcils de definir: parella ac\u00e0dia del vent, la nit i la seducci\u00f3."},{"@type":"WebPage","@id":"https:\/\/iwell-guard.com\/ca\/lilu-i-lilitu\/","url":"https:\/\/iwell-guard.com\/ca\/lilu-i-lilitu\/","name":"Lil\u00fb i Lil\u012btu \u2013 dimonis mesopot\u00e0mics","isPartOf":{"@id":"https:\/\/iwell-guard.com\/ca\/#website"},"primaryImageOfPage":{"@id":"https:\/\/iwell-guard.com\/ca\/lilu-i-lilitu\/#primaryimage"},"image":{"@id":"https:\/\/iwell-guard.com\/ca\/lilu-i-lilitu\/#primaryimage"},"thumbnailUrl":"https:\/\/iwell-guard.com\/wp-content\/uploads\/2026\/04\/daemonen_mesopotamien_lilu-und-lilitu-1.webp","datePublished":"2026-09-05T15:38:33+00:00","dateModified":"2026-09-05T15:54:09+00:00","description":"Lil\u00fb i Lil\u012btu formen en la demonologia mesopot\u00e0mica un grup d'\u00e9ssers nocturns dif\u00edcils de definir: parella ac\u00e0dia del vent, la nit i la seducci\u00f3.","breadcrumb":{"@id":"https:\/\/iwell-guard.com\/ca\/lilu-i-lilitu\/#breadcrumb"},"inLanguage":"ca","potentialAction":[{"@type":"ReadAction","target":["https:\/\/iwell-guard.com\/ca\/lilu-i-lilitu\/"]}]},{"@type":"ImageObject","inLanguage":"ca","@id":"https:\/\/iwell-guard.com\/ca\/lilu-i-lilitu\/#primaryimage","url":"https:\/\/iwell-guard.com\/wp-content\/uploads\/2026\/04\/daemonen_mesopotamien_lilu-und-lilitu-1.webp","contentUrl":"https:\/\/iwell-guard.com\/wp-content\/uploads\/2026\/04\/daemonen_mesopotamien_lilu-und-lilitu-1.webp","width":1024,"height":1536,"caption":"Dimonis de la tradici\u00f3 mesopot\u00e0mica."},{"@type":"BreadcrumbList","@id":"https:\/\/iwell-guard.com\/ca\/lilu-i-lilitu\/#breadcrumb","itemListElement":[{"@type":"ListItem","position":1,"name":"Start","item":"https:\/\/iwell-guard.com\/ca\/?page_id=171333"},{"@type":"ListItem","position":2,"name":"Lil\u00fb i Lil\u012btu"}]},{"@type":"WebSite","@id":"https:\/\/iwell-guard.com\/ca\/#website","url":"https:\/\/iwell-guard.com\/ca\/","name":"iWell Guard","description":"Schutz vor dunklen Einfl\u00fcssen","publisher":{"@id":"https:\/\/iwell-guard.com\/ca\/#organization"},"potentialAction":[{"@type":"SearchAction","target":{"@type":"EntryPoint","urlTemplate":"https:\/\/iwell-guard.com\/ca\/?s={search_term_string}"},"query-input":{"@type":"PropertyValueSpecification","valueRequired":true,"valueName":"search_term_string"}}],"inLanguage":"ca"},{"@type":"Organization","@id":"https:\/\/iwell-guard.com\/ca\/#organization","name":"Ittermann electronic GmbH","url":"https:\/\/iwell-guard.com\/ca\/","logo":{"@type":"ImageObject","inLanguage":"ca","@id":"https:\/\/iwell-guard.com\/ca\/#\/schema\/logo\/image\/","url":"https:\/\/iwell-guard.com\/wp-content\/uploads\/2026\/05\/Ittermann-Logo-1182x237-1.png","contentUrl":"https:\/\/iwell-guard.com\/wp-content\/uploads\/2026\/05\/Ittermann-Logo-1182x237-1.png","width":1182,"height":237,"caption":"Ittermann electronic GmbH"},"image":{"@id":"https:\/\/iwell-guard.com\/ca\/#\/schema\/logo\/image\/"},"sameAs":["https:\/\/pantip.com\/profile\/9367242","https:\/\/micro.blog\/iwellguard","https:\/\/www.diggerslist.com\/iwellguard\/about","https:\/\/skitterphoto.com\/photographers\/2870314\/iwell-guard","https:\/\/iwellguard.wordpress.com\/2026\/06\/06\/iwell-guard\/","https:\/\/hub.docker.com\/u\/iwellguard","https:\/\/www.pinterest.com\/iwellguard\/","https:\/\/bit.ly\/m\/iwellguard","https:\/\/entre-vos-mains.alsace.eu\/profiles\/iwellguard\/activity","https:\/\/gravatar.com\/reallybeded8fd34","https:\/\/naijamatta.com\/iwellguard","https:\/\/www.goodreads.com\/iwellguard","https:\/\/profile.hatena.ne.jp\/iwellguard\/","https:\/\/experiment.com\/users\/iwellguard","https:\/\/wakelet.com\/@iWellGuard82270","https:\/\/www.chordie.com\/forum\/profile.php?id=2555664","https:\/\/www.instapaper.com\/p\/17757966","https:\/\/www.mapleprimes.com\/users\/iwellguard","https:\/\/businesslistingplus.com\/profile\/iwell-guard\/","https:\/\/telegra.ph\/iWell-Guard-06-06","https:\/\/pbase.com\/iwellguard\/iwellguard","https:\/\/b.hatena.ne.jp\/iwellguard\/20260607#bookmark-4788405196491818882","https:\/\/fliphtml5.com\/home\/iwellguard","https:\/\/anyflip.com\/homepage\/cmiwl#About","https:\/\/transfur.com\/Users\/iwellguard","http:\/\/delphi.larsbo.org\/user\/iwellguard","https:\/\/jobs.lajobsportal.org\/profiles\/8380803-iwell-guard","https:\/\/md.chaosdorf.de\/s\/jfbe5SBdJD","https:\/\/www.lingvolive.com\/en-us\/profile\/9ecaeaca-ce11-4e51-9e71-01d55e2bff36\/translations","https:\/\/www.fitday.com\/fitness\/forums\/members\/iwellguard.html","https:\/\/www.mymeetbook.com\/iwellguard","https:\/\/pxhere.com\/en\/photographer-me\/5040798","https:\/\/disqus.com\/by\/iwellguard\/about\/","https:\/\/pastelink.net\/hjwciqwq","https:\/\/pubhtml5.com\/homepage\/scjhn\/","https:\/\/www.bitchute.com\/channel\/2O2eOKzNqujT","https:\/\/audiomack.com\/iwellguard"]},{"@type":"Person","@id":"https:\/\/iwell-guard.com\/ca\/#\/schema\/person\/ee2a27f1cac3406c7c6fb5820cb7349f","name":"Ralf Ittermann","image":{"@type":"ImageObject","inLanguage":"ca","@id":"https:\/\/secure.gravatar.com\/avatar\/073c0153e350a5005b68eb752b445fea71f6b24a26da9449ad7e155e6b446c9d?s=96&d=mm&r=g","url":"https:\/\/secure.gravatar.com\/avatar\/073c0153e350a5005b68eb752b445fea71f6b24a26da9449ad7e155e6b446c9d?s=96&d=mm&r=g","contentUrl":"https:\/\/secure.gravatar.com\/avatar\/073c0153e350a5005b68eb752b445fea71f6b24a26da9449ad7e155e6b446c9d?s=96&d=mm&r=g","caption":"Ralf Ittermann"},"givenName":"Ralf","familyName":"Ittermann","jobTitle":"Gesch\u00e4ftsf\u00fchrer und redaktioneller Verantwortlicher","url":"https:\/\/iwell-guard.com\/ca\/author\/claude\/","description":"Ralf Ittermann ist Gesch\u00e4ftsf\u00fchrer der Ittermann electronic GmbH und redaktioneller Verantwortlicher des iWell-Guard-Lexikons. Er verbindet langj\u00e4hrige Erfahrung in der Pr\u00e4zisionsfertigung mit medialer Praxis und religionsgeschichtlicher Quellenarbeit.","worksFor":{"@type":"Organization","name":"Ittermann electronic GmbH","url":"https:\/\/ittermann.de\/","address":{"@type":"PostalAddress","streetAddress":"K\u00f6hlergasse 16-18","postalCode":"99842","addressLocality":"Ruhla","addressCountry":"DE"}},"knowsAbout":["Religionsgeschichte","Mythologie","Mediale Praxis","Energetische Diagnostik","Schutzpraxis","Volksglauben","Westliche Esoterik"]},{"@type":"Article","@id":"https:\/\/iwell-guard.com\/ca\/lilu-i-lilitu\/#article","isPartOf":{"@id":"https:\/\/iwell-guard.com\/ca\/lilu-i-lilitu\/"},"author":{"name":"Ralf Ittermann","@id":"https:\/\/iwell-guard.com\/ca\/#\/schema\/person\/ee2a27f1cac3406c7c6fb5820cb7349f"},"headline":"Lil\u00fb i Lil\u012btu","datePublished":"2026-09-05T15:38:33+00:00","dateModified":"2026-09-05T15:54:09+00:00","mainEntityOfPage":{"@id":"https:\/\/iwell-guard.com\/ca\/lilu-i-lilitu\/"},"publisher":{"@id":"https:\/\/iwell-guard.com\/ca\/#organization"},"image":{"@id":"https:\/\/iwell-guard.com\/ca\/lilu-i-lilitu\/#primaryimage"},"thumbnailUrl":"https:\/\/iwell-guard.com\/wp-content\/uploads\/2026\/04\/daemonen_mesopotamien_lilu-und-lilitu-1.webp","inLanguage":"ca","description":"Lil\u00fb i Lil\u012btu formen en la demonologia mesopot\u00e0mica un grup d'\u00e9ssers nocturns dif\u00edcils de definir: parella ac\u00e0dia del vent, la nit i la seducci\u00f3."}]}},"_links":{"self":[{"href":"https:\/\/iwell-guard.com\/ca\/wp-json\/wp\/v2\/pages\/171337","targetHints":{"allow":["GET"]}}],"collection":[{"href":"https:\/\/iwell-guard.com\/ca\/wp-json\/wp\/v2\/pages"}],"about":[{"href":"https:\/\/iwell-guard.com\/ca\/wp-json\/wp\/v2\/types\/page"}],"author":[{"embeddable":true,"href":"https:\/\/iwell-guard.com\/ca\/wp-json\/wp\/v2\/users\/3"}],"replies":[{"embeddable":true,"href":"https:\/\/iwell-guard.com\/ca\/wp-json\/wp\/v2\/comments?post=171337"}],"version-history":[{"count":0,"href":"https:\/\/iwell-guard.com\/ca\/wp-json\/wp\/v2\/pages\/171337\/revisions"}],"wp:featuredmedia":[{"embeddable":true,"href":"https:\/\/iwell-guard.com\/ca\/wp-json\/wp\/v2\/media\/1710"}],"wp:attachment":[{"href":"https:\/\/iwell-guard.com\/ca\/wp-json\/wp\/v2\/media?parent=171337"}],"wp:term":[{"taxonomy":"category","embeddable":true,"href":"https:\/\/iwell-guard.com\/ca\/wp-json\/wp\/v2\/categories?post=171337"}],"curies":[{"name":"wp","href":"https:\/\/api.w.org\/{rel}","templated":true}]}}